{"id":479,"date":"2012-10-25T02:47:29","date_gmt":"2012-10-25T01:47:29","guid":{"rendered":"http:\/\/www.divipassion.com\/?page_id=479"},"modified":"2023-11-20T19:00:19","modified_gmt":"2023-11-20T18:00:19","slug":"nos-actions","status":"publish","type":"page","link":"https:\/\/www.divipassion.com\/?page_id=479","title":{"rendered":"Les Festivals avec DiViPassion"},"content":{"rendered":"\n\n\n<div class=\"wp-block-columns is-layout-flex wp-container-core-columns-is-layout-9d6595d7 wp-block-columns-is-layout-flex\">\n<div class=\"wp-block-column has-black-color has-cyan-bluish-gray-background-color has-text-color has-background is-layout-flow wp-block-column-is-layout-flow\" style=\"flex-basis:100%\">\n<h2 class=\"wp-block-heading\"><strong>Informations sur les 3 types de festivals auxquels DiViPassion participe :<\/strong><\/h2>\n\n\n\n<ol class=\"wp-block-list\">\n<li><strong><a href=\"https:\/\/www.divipassion.com\/?page_id=479\" data-type=\"page\" data-id=\"479\">Le Festival annuel DiViPassion International du court m\u00e9trage, organis\u00e9 \u00e0 Athis-Mons <\/a><\/strong><\/li>\n\n\n\n<li><mark style=\"background-color:rgba(0, 0, 0, 0)\" class=\"has-inline-color has-vivid-cyan-blue-color\"> <strong>Le<\/strong><\/mark><strong> <a href=\"#Festival-r\u00e9gional\" data-type=\"internal\" data-id=\"#Festival-r\u00e9gional\">Festival r\u00e9gional Cin\u00e9vif en Ile de France <\/a><\/strong><\/li>\n\n\n\n<li><strong> <a href=\"#Le-festival-national\" data-type=\"internal\" data-id=\"#Le-festival-national\">Le Festival national FFCV \u00e0 Soulac<\/a><mark style=\"background-color:rgba(0, 0, 0, 0)\" class=\"has-inline-color has-luminous-vivid-orange-color\"><span style=\"color: #ff6600;\">&nbsp;<\/span> <\/mark><\/strong><\/li>\n<\/ol>\n<\/div>\n<\/div>\n\n\n\n<p class=\"has-text-align-left has-white-color has-luminous-vivid-orange-background-color has-text-color has-background has-medium-font-size\" id=\"festival-du-court-divipassion\"><mark style=\"background-color:#ff6900\" class=\"has-inline-color has-white-color\">1\/ <\/mark><strong><mark style=\"background-color:#ff6900\" class=\"has-inline-color has-white-color\">FESTIVAL DU COURT DIVIPASSION<\/mark><\/strong><\/p>\n\n\n\n<ul class=\"wp-block-list\">\n<li>Festival organis\u00e9 par Divipassion tous les ans \u00e0 port\u00e9e internationale depuis 2016, <strong>avec la participation des villes jumel\u00e9es<\/strong> \u00e0 Athis-Mons : Sina\u00efa et Ballina qui ont d\u00e9j\u00e0 particip\u00e9 !<\/li>\n\n\n\n<li>Report\u00e9 \u00e0 plusieurs reprises pour cause de Covid19, <mark style=\"background-color:#ffffff\" class=\"has-inline-color has-black-color\">l&rsquo;am\u00e9lioration des conditions sanitaires a permis de lancer le festival du<\/mark> court le 23 octobre 2021 et le 12 novembre 2022 <\/li>\n<\/ul>\n\n\n\n<ul>\n<li><span style=\"background-color: #ccffff; color: #999999;\"><em>Inscriptions pour les repas termin\u00e9es pour 2022 : <a style=\"font-size: inherit; text-align: center; background-color: #ccffff; color: #999999;\" href=\"https:\/\/www.divipassion.com\/wp-content\/uploads\/2022\/10\/formulaire-inscription-DVP-2022.pdf\" target=\"_blank\" rel=\"noopener noreferrer\">formulaire-inscription-DVP 2022<\/a><\/em><\/span><\/li>\n<\/ul>\n<ul>\n<li><em><span style=\"background-color: #ccffff; color: #999999;\">Festival 2022 &#8211; Paiement via Paypal&nbsp; bient\u00f4t en ligne !<\/span><\/em><br><div class='paypal_wrap'><div id='smart-button-container'><input type='text' name='descriptionInput' id='description' maxlength='127' value='' placeholder='Votre nom'><div class='error_label' id='descriptionError'>Veuillez renseigner votre nom<\/div><input name='amountInput' type='number' id='amount' value='' placeholder='Votre montant'> \u20ac<div class='error_label' id='priceLabelError'>Veuillez renseigner votre montant<\/div><div id='invoiceidDiv'><input name='invoiceid' maxlength='127' type='text' id='invoiceid' value=''><div class='error_label' id='invoiceidError'>Please enter an Invoice ID<\/div><\/div><div id='paypal-button-container'><\/div><\/div><script src='https:\/\/www.paypal.com\/sdk\/js?client-id=ARBaSS4MykBoR7y4zCVbbCSUj0Qb2bPXEgaVuaq2o6WGOKiq6CEXYPxOgUFQOhLF8CLjYgy9WqKP65Nr&amp;enable-funding=venmo&amp;currency=EUR' data-sdk-integration-source='button-factory'><\/script><\/div><\/li>\n<\/ul>\n\n\n\n<p><strong><em>&nbsp;pour en savoir plus sur les inscriptions deux aides&nbsp;<\/em><\/strong><\/p>\n\n\n\n<p><\/p>\n\n\n\n<ul class=\"wp-block-list\">\n<li><em><strong>une fiche accompagnatrice t\u00e9l\u00e9chargeable et imprimable en pdf<\/strong> :<\/em> <a href=\"https:\/\/www.divipassion.com\/wp-content\/uploads\/2020\/07\/filmfreedepotProjet.pdf\">https:\/\/www.divipassion.com\/wp-content\/uploads\/2020\/07\/filmfreedepotProjet.pdf<\/a><\/li>\n\n\n\n<li><em>et\/ou <strong>un tuto<\/strong> ci-dessous cr\u00e9\u00e9 \u00e0 partir des \u00e9crans de Filmfreeway :<\/em> <a style=\"font-size: inherit;\" href=\"https:\/\/youtu.be\/7vXv2J9mVM4\" target=\"_blank\" rel=\"noopener noreferrer\">Comment soumettre un film au Festival international DiViPassion<\/a><\/li>\n<\/ul>\n\n\n\n<p><span style=\"border-radius: 2px; text-indent: 20px; width: auto; padding: 0px 4px 0px 0px; text-align: center; font: bold 11px\/20px 'Helvetica Neue', Helvetica, sans-serif; color: #ffffff; background: #ffffff none no-repeat scroll 3px 50% \/ 14px 14px; position: absolute; opacity: 1; z-index: 8675309; display: none; cursor: pointer; top: 1679px; left: 20px;\">Enregistrer<\/span><\/p>\n\n\n\n<h1 class=\"has-large-font-size wp-block-heading\" style=\"font-style:normal;font-weight:800;text-transform:uppercase\"><mark style=\"background-color:#ff6900\" class=\"has-inline-color has-white-color\">FESTIVAL DiViPassion 2023<\/mark><\/h1>\n\n\n\n<figure class=\"wp-block-image size-large\"><a href=\"https:\/\/www.divipassion.com\/wp-content\/uploads\/2023\/11\/photo-pour-web-1-scaled.jpg\"><img loading=\"lazy\" decoding=\"async\" width=\"1024\" height=\"685\" src=\"https:\/\/www.divipassion.com\/wp-content\/uploads\/2023\/11\/photo-pour-web-1-1024x685.jpg\" alt=\"\" class=\"wp-image-1793\" srcset=\"https:\/\/www.divipassion.com\/wp-content\/uploads\/2023\/11\/photo-pour-web-1-1024x685.jpg 1024w, https:\/\/www.divipassion.com\/wp-content\/uploads\/2023\/11\/photo-pour-web-1-300x201.jpg 300w, https:\/\/www.divipassion.com\/wp-content\/uploads\/2023\/11\/photo-pour-web-1-768x514.jpg 768w, https:\/\/www.divipassion.com\/wp-content\/uploads\/2023\/11\/photo-pour-web-1-1536x1027.jpg 1536w, https:\/\/www.divipassion.com\/wp-content\/uploads\/2023\/11\/photo-pour-web-1-2048x1370.jpg 2048w, https:\/\/www.divipassion.com\/wp-content\/uploads\/2023\/11\/photo-pour-web-1-449x300.jpg 449w\" sizes=\"auto, (max-width: 1024px) 100vw, 1024px\" \/><\/a><\/figure>\n\n\n\n\n\n<figure class=\"wp-block-image size-large\"><a href=\"https:\/\/www.divipassion.com\/wp-content\/uploads\/2023\/11\/image-1.png\"><img loading=\"lazy\" decoding=\"async\" width=\"1024\" height=\"864\" src=\"https:\/\/www.divipassion.com\/wp-content\/uploads\/2023\/11\/image-1-1024x864.png\" alt=\"\" class=\"wp-image-1788\" srcset=\"https:\/\/www.divipassion.com\/wp-content\/uploads\/2023\/11\/image-1-1024x864.png 1024w, https:\/\/www.divipassion.com\/wp-content\/uploads\/2023\/11\/image-1-300x253.png 300w, https:\/\/www.divipassion.com\/wp-content\/uploads\/2023\/11\/image-1-768x648.png 768w, https:\/\/www.divipassion.com\/wp-content\/uploads\/2023\/11\/image-1-1536x1296.png 1536w, https:\/\/www.divipassion.com\/wp-content\/uploads\/2023\/11\/image-1-2048x1728.png 2048w, https:\/\/www.divipassion.com\/wp-content\/uploads\/2023\/11\/image-1-355x300.png 355w\" sizes=\"auto, (max-width: 1024px) 100vw, 1024px\" \/><\/a><figcaption class=\"wp-element-caption\"><strong><em>Le Programme 2023<\/em><\/strong><\/figcaption><\/figure>\n\n\n\n<p>26 films dont une s\u00e9lection de six court-m\u00e9trages, documentaires et fictions, prim\u00e9s par DiViPassion ont \u00e9t\u00e9 projet\u00e9s au public. Nous avons voulu aussi mettre en avant des films \u00e9clectiques r\u00e9alis\u00e9s par DiViPassion, ses membres et ses invit\u00e9s ainsi que ceux de nos partenaires des villes jumel\u00e9es d&rsquo;Irlande, Ballina, de Roumanie, Sinaia avec 3 repr\u00e9sentants de chaque vile. Le Mus\u00e9e Delta venant de f\u00eater le 50\u00e8me anniversaire du 1er vol du Concorde-02 a \u00e9t\u00e9 \u00e9galement mis \u00e0 l&rsquo;honneur. Enfin nous avons consacr\u00e9 quelques moments \u00e0 notre ami Serge Barth\u00e9l\u00e9my, r\u00e9alisateur et sc\u00e9nariste de fictions, qui nous a quitt\u00e9 en d\u00e9but d&rsquo;ann\u00e9e. Les r\u00e9alisateurs ont \u00e9t\u00e9 invit\u00e9s \u00e0, pr\u00e9senter leur film, \u00e9changer avec le public en salle Lino Ventura ou lors du pot de l&rsquo;amiti\u00e9 en fin de soir\u00e9e.&nbsp;<\/p>\n\n\n\n<p><a href=\"https:\/\/www.divipassion.com\/wp-content\/uploads\/2023\/10\/Flyer-festival-DiViPassion-2023-Vjps.pdf\">Flyer festival DiViPassion 2023 Vjps<\/a><\/p>\n\n\n\n<p><span style=\"border-radius: 2px; text-indent: 20px; width: auto; padding: 0px 4px 0px 0px; text-align: center; font: bold 11px\/20px 'Helvetica Neue', Helvetica, sans-serif; color: #ffffff; background: #ffffff none no-repeat scroll 3px 50% \/ 14px 14px; position: absolute; opacity: 1; z-index: 8675309; display: none; cursor: pointer;\">EnregistrerEnregistrer<\/span><\/p>\n\n\n\n<p><span style=\"border-radius: 2px; text-indent: 20px; width: auto; padding: 0px 4px 0px 0px; text-align: center; font: bold 11px\/20px 'Helvetica Neue', Helvetica, sans-serif; color: #ffffff; background: #ffffff none no-repeat scroll 3px 50% \/ 14px 14px; position: absolute; opacity: 1; z-index: 8675309; display: none; cursor: pointer;\">Enregistrer<\/span><\/p>\n\n\n\n<p class=\"has-large-font-size\"><strong><mark style=\"background-color:#ff6900\" class=\"has-inline-color has-white-color\">FESTIVAL 2022<\/mark><\/strong><\/p>\n\n\n<div class=\"wp-block-image\">\n<figure class=\"aligncenter is-resized\"><a href=\"https:\/\/www.divipassion.com\/wp-content\/uploads\/2022\/11\/diapo-festival-1.jpg\"><img loading=\"lazy\" decoding=\"async\" src=\"https:\/\/www.divipassion.com\/wp-content\/uploads\/2022\/11\/diapo-festival-1-300x200.jpg\" alt=\"\" class=\"wp-image-1627\" width=\"653\" height=\"436\" srcset=\"https:\/\/www.divipassion.com\/wp-content\/uploads\/2022\/11\/diapo-festival-1-300x200.jpg 300w, https:\/\/www.divipassion.com\/wp-content\/uploads\/2022\/11\/diapo-festival-1-450x300.jpg 450w, https:\/\/www.divipassion.com\/wp-content\/uploads\/2022\/11\/diapo-festival-1.jpg 700w\" sizes=\"auto, (max-width: 653px) 100vw, 653px\" \/><\/a><\/figure>\n<\/div>\n\n\n<p class=\"has-white-color has-luminous-vivid-orange-background-color has-text-color has-background has-medium-font-size\">2022 : <b>Palmar\u00e8s du 13<sup>\u00e8me<\/sup> Festival International du Court DiViPassion<\/b><\/p>\n\n\n\n<ul class=\"wp-block-list\">\n<li><span style=\"font-family: Calibri, sans-serif;\"><span style=\"font-size: large;\"><b>1er Grand Prix du Festival&nbsp;<\/b><\/span><\/span><span style=\"font-family: Calibri, sans-serif;\"><span style=\"font-size: medium;\">offert par la <b>ville d\u2019Athis-Mons&nbsp;<\/b><\/span><\/span><span style=\"font-family: Calibri, sans-serif;\"><span style=\"font-size: large;\"><b><span style=\"color: #ff6600;\">At last<\/span>&nbsp;<\/b><\/span><\/span><span style=\"font-family: Calibri, sans-serif; color: #ff6600;\"><span style=\"font-size: large;\"><i>de Lancelot MINGAU<\/i><\/span><\/span><\/li>\n\n\n\n<li><span style=\"font-family: Calibri, sans-serif;\"><span style=\"font-size: large;\"><b>2\u00e8me Grand Prix <\/b><\/span><\/span><span style=\"font-family: Calibri, sans-serif;\"><span style=\"font-size: medium;\">offert par la <b>ville de Sinaia<span style=\"color: #ff6600;\">&nbsp;<\/span><\/b><\/span><\/span><span style=\"font-family: Calibri, sans-serif;\"><span style=\"font-size: large;\"><b><span style=\"color: #ff6600;\">Les corps \u00e9lectriques<\/span>&nbsp;<\/b><\/span><\/span><span style=\"font-family: Calibri, sans-serif; color: #ff6600;\"><span style=\"font-size: large;\"><i>de Antoine JANOT<\/i><\/span><\/span><\/li>\n\n\n\n<li><span style=\"font-family: Calibri, sans-serif;\"><span style=\"font-size: large;\"><b>3\u00e8me Grand Prix&nbsp;<\/b><\/span><\/span><span style=\"font-family: Calibri, sans-serif;\"><span style=\"font-size: medium;\">offert par <b>DiViPassion&nbsp;<\/b><\/span><\/span><span style=\"color: #ff6600;\"><span style=\"font-family: Calibri, sans-serif;\"><span style=\"font-size: large;\"><b>Le nom des autres&nbsp;<\/b><\/span><\/span><span style=\"font-family: Calibri, sans-serif;\"><span style=\"font-size: large;\"><i>de In\u00e8s SAIDI<\/i><\/span><\/span><\/span><\/li>\n\n\n\n<li><span style=\"font-family: Calibri, sans-serif;\"><span style=\"font-size: large;\"><b>Prix de l&rsquo;association de jumelage Athis-Mons \/ Ballina (Irlande)&nbsp;<\/b><\/span><\/span><span style=\"font-family: Calibri, sans-serif;\"><span style=\"font-size: large;\"><b>pour le meilleur documentaire&nbsp;<\/b><\/span><\/span><span style=\"font-family: Calibri, sans-serif; color: #ff6600;\"><span style=\"font-size: large;\"><b>5 femmes&nbsp;<\/b><\/span><span style=\"font-size: large;\"><i>de Yseult RENARD<\/i><\/span><\/span><\/li>\n\n\n\n<li><span style=\"font-family: Calibri, sans-serif;\"><span style=\"font-size: large;\"><b>Prix de l&rsquo;association de jumelage Athis-Mons \/ Sina\u00efa(Roumanie)&nbsp;<\/b><\/span><\/span><span style=\"font-family: Calibri, sans-serif;\"><span style=\"font-size: large;\"><b>pour le meilleur film d&rsquo;animation<span style=\"color: #ff6600;\">&nbsp;<\/span><\/b><\/span><\/span><span style=\"color: #ff6600;\"><span style=\"font-family: Calibri, sans-serif;\"><span style=\"font-size: large;\"><b>Horizon r\u00e9ussite&nbsp;<\/b><\/span><\/span><span style=\"font-family: Calibri, sans-serif;\"><span style=\"font-size: large;\"><i>de Th\u00e9ophile GIBAUD<\/i><\/span><\/span><\/span><\/li>\n\n\n\n<li><span style=\"font-family: Calibri, sans-serif;\"><span style=\"font-size: large;\"><b>Coup de c\u0153ur DiViPassion&nbsp;<\/b><\/span><\/span><span style=\"font-family: Calibri, sans-serif;\"><span style=\"font-size: large;\"><b>Sinaia, <span style=\"color: #ff6600;\">ville musicale et spirituelle&nbsp;<\/span><\/b><\/span><\/span><span style=\"font-family: Calibri, sans-serif; color: #ff6600;\"><span style=\"font-size: large;\"><i>de Dan IONESCU, Felicia MARZA et Lucia NEDELCU<\/i><\/span><\/span><\/li>\n\n\n\n<li><span style=\"font-family: Calibri, sans-serif;\"><span style=\"font-size: large;\"><b>Prix sp\u00e9cial du Jury&nbsp;<\/b><\/span><\/span><span style=\"font-family: Calibri, sans-serif;\"><span style=\"font-size: medium;\"><i>offert par <b>les Bords de Sc\u00e8nes&nbsp;<\/b><\/i><\/span><\/span><span style=\"color: #ff6600;\"><span style=\"font-family: Calibri, sans-serif;\"><span style=\"font-size: large;\"><b>Les racines sauvages&nbsp;<\/b><\/span><\/span><span style=\"font-family: Calibri, sans-serif;\"><span style=\"font-size: large;\"><i>de Nicolas MILLOT<\/i><\/span><\/span><\/span><\/li>\n\n\n\n<li><span style=\"font-family: Calibri, sans-serif;\"><span style=\"font-size: large;\"><b>Prix du meilleur film jeune&nbsp;<\/b><\/span><\/span><span style=\"font-family: Calibri, sans-serif;\"><span style=\"font-size: medium;\"><i>offert par <b>Num\u00e9rique Ath\u00e9gien<span style=\"color: #ff6600;\">&nbsp;<\/span><\/b><\/i><\/span><\/span><span style=\"color: #ff6600;\"><span style=\"font-family: Calibri, sans-serif;\"><span style=\"font-size: large;\"><b>At last&nbsp;<\/b><\/span><\/span><span style=\"font-family: Calibri, sans-serif;\"><span style=\"font-size: large;\"><i>de Lancelot MINGAU<\/i><\/span><\/span><\/span><\/li>\n\n\n\n<li><span style=\"font-family: Calibri, sans-serif;\"><span style=\"font-size: large;\"><b>Prix de la meilleure interpr\u00e9tation&nbsp;<\/b><\/span><\/span><span style=\"font-family: Calibri, sans-serif;\"><span style=\"font-size: medium;\"><i>offert par <b>Cinevif (FFCV) et La Boucherie de l\u2019\u00e9glise (Athis-Mons)&nbsp;<\/b><\/i><\/span><\/span><span style=\"font-family: Calibri, sans-serif; color: #ff6600;\"><span style=\"font-size: large;\"><b>Laura CHAB&nbsp;<\/b><\/span><span style=\"font-size: large;\"><i>dans Le nom des autres<\/i><\/span><\/span><\/li>\n\n\n\n<li><span style=\"font-family: Calibri, sans-serif;\"><span style=\"font-size: large;\"><b>Prix du meilleur sc\u00e9nario&nbsp;<\/b><\/span><\/span><span style=\"font-family: Calibri, sans-serif;\"><span style=\"font-size: medium;\"><i>offert par <b>le Mus\u00e9e Delta&nbsp;<\/b><\/i><\/span><\/span><span style=\"font-family: Calibri, sans-serif;\"><span style=\"font-size: large;\"><b>Th\u00e9ophile GIBAUD,Justin PECHBERTY et Damien MEGHERBI<span style=\"color: #ff6600;\">&nbsp;<\/span><\/b><\/span><\/span><span style=\"font-family: Calibri, sans-serif; color: #ff6600;\"><span style=\"font-size: large;\"><i>dans Horizon r\u00e9ussite<\/i><\/span><\/span><\/li>\n\n\n\n<li><span style=\"font-family: Calibri, sans-serif;\"><span style=\"font-size: large;\"><b>Prix de la meilleure mise en sc\u00e8ne&nbsp;<\/b><\/span><\/span><span style=\"font-family: Calibri, sans-serif;\"><span style=\"font-size: medium;\"><i>offert par <b>\u00ab Au nom de la fleur \u00bb fleuriste (Athis-Mons)&nbsp;<\/b><\/i><\/span><\/span><span style=\"color: #ff6600;\"><span style=\"font-family: Calibri, sans-serif;\"><span style=\"font-size: large;\"><b>Antoine JANOT&nbsp;<\/b><\/span><\/span><span style=\"font-family: Calibri, sans-serif;\"><span style=\"font-size: large;\"><i>dans Les corps \u00e9lectriques<\/i><\/span><\/span><\/span><\/li>\n\n\n\n<li><span style=\"font-family: Calibri, sans-serif;\"><span style=\"font-size: large;\"><b>Prix du meilleur montage&nbsp;<\/b><\/span><\/span><span style=\"font-family: Calibri, sans-serif;\"><span style=\"font-size: medium;\"><i>offert par <b>LISSAC , opticien \u00e0 Athis-Mons&nbsp;<\/b><\/i><\/span><\/span><span style=\"color: #ff6600;\"><span style=\"font-family: Calibri, sans-serif;\"><span style=\"font-size: large;\"><b>Hugo STACH <\/b><\/span><\/span><span style=\"font-family: Calibri, sans-serif;\"><span style=\"font-size: large;\"><i>dans Au bout de trois<\/i><\/span><\/span><\/span><\/li>\n\n\n\n<li><span style=\"font-family: Calibri, sans-serif;\"><span style=\"font-size: large;\"><b>Prix de la meilleure image&nbsp;<\/b><\/span><\/span><span style=\"font-family: Calibri, sans-serif;\"><span style=\"font-size: medium;\"><i>offert par <b>IMATHIS&nbsp;<\/b><\/i><\/span><\/span><span style=\"color: #ff6600;\"><span style=\"font-family: Calibri, sans-serif;\"><span style=\"font-size: large;\"><b>Antoine JANOT&nbsp;<\/b><\/span><\/span><span style=\"font-family: Calibri, sans-serif;\"><span style=\"font-size: large;\"><i>dans Les corps \u00e9lectriques<\/i><\/span><\/span><\/span><\/li>\n\n\n\n<li><span style=\"font-family: Calibri, sans-serif;\"><span style=\"font-size: large;\"><b>Prix de la meilleure bande son&nbsp;<\/b><\/span><\/span><span style=\"font-family: Calibri, sans-serif;\"><span style=\"font-size: medium;\"><i>offert par <b>Guitar&rsquo;Essonne&nbsp;<\/b><\/i><\/span><\/span><span style=\"color: #ff6600;\"><span style=\"font-family: Calibri, sans-serif;\"><span style=\"font-size: large;\"><b>Lancelot MINGAU&nbsp;<\/b><\/span><\/span><span style=\"font-family: Calibri, sans-serif;\"><span style=\"font-size: large;\"><i><span lang=\"en-US\">dans <\/span>At last <\/i><\/span><\/span><\/span><\/li>\n\n\n\n<li><span style=\"font-family: Calibri, sans-serif;\"><span style=\"font-size: large;\"><b>Prix de l&rsquo;humour&nbsp;<\/b><\/span><\/span><span style=\"font-family: Calibri, sans-serif;\"><span style=\"font-size: medium;\"><i>offert par <b>Guitar&rsquo;Essonne<span style=\"color: #ff6600;\">&nbsp;<\/span><\/b><\/i><\/span><\/span><span style=\"color: #ff6600;\"><span style=\"font-family: Calibri, sans-serif;\"><span style=\"font-size: large;\"><b>Les gestes barri\u00e8res&nbsp;<\/b><\/span><\/span><span style=\"font-family: Calibri, sans-serif;\"><span style=\"font-size: large;\"><i>de Benoit J. Gr\u00e9mare<\/i><\/span><\/span><\/span><\/li>\n<\/ul>\n\n\n\n<div class=\"wp-block-group\"><div class=\"wp-block-group__inner-container is-layout-constrained wp-block-group-is-layout-constrained\">\n<h2 class=\"has-white-color has-luminous-vivid-orange-background-color has-text-color has-background has-medium-font-size wp-block-heading\"><strong><mark style=\"background-color:#ff6900\" class=\"has-inline-color has-white-color\">Le 12<sup>\u00e8me<\/sup> Festival 2021<\/mark><\/strong><\/h2>\n<\/div><\/div>\n\n\n\n<p>Festival 2020-21 : Compte tenu de l&rsquo;am\u00e9lioration de la situation sanitaire le festival en pr\u00e9sentiel a pu se d\u00e9rouler samedi 23 octobre 2021 dans la salle de spectacles Lino Ventura \u00e0 Athis-Mons.<br>Les r\u00e9alisateurs et le public ont \u00e9t\u00e9 tr\u00e8s heureux de se retrouver enfin pour la projection de 30 films d&rsquo;une grande qualit\u00e9, fiction, documentaire, reportage, animation. Cette rencontre et ce partage entre passionn\u00e9s de court m\u00e9trage a \u00e9t\u00e9 un moment chaleureux et tr\u00e8s amical.&nbsp;<br>Merci aux participants, contributeurs et partenaires<\/p>\n\n\n\n<h2 class=\"has-white-color has-luminous-vivid-orange-background-color has-text-color has-background has-medium-font-size wp-block-heading\">2021 &#8211; PALMARES du 1<strong>2\u00e8me Festival International du court DiViPassion<\/strong><\/h2>\n\n\n\n<hr><hr>\n<ul>\n<li><strong>1er Grand Prix <\/strong>offert par la ville d&rsquo;Athis Mons \u00ab <span style=\"color: #ff6600;\"><strong>Au del\u00e0 des mots<\/strong> <\/span>\u00bb<br>de Thomas GUTTIERREZ<\/li>\n<li><strong>2\u00e8me Grand Prix <\/strong>offert par la ville de Sinaia \u00ab <strong><span style=\"color: #ff6600;\">Le r\u00f4le de ta vie<\/span><\/strong> \u00bb<br>de Marc SAEZ<\/li>\n<li><strong>3\u00e8me Grand Prix <\/strong>offert par DiViPassion \u00ab <strong><span style=\"color: #ff6600;\">Apais\u00e9e<\/span> <\/strong>\u00bb de Charles RITTER<\/li>\n<li><strong>Prix de l&rsquo;association de jumelage Athis-Mons \/ Ballina (Irlande)<\/strong><br>pour le meilleur film documentaire \u00ab <span style=\"color: #ff6600;\"><strong>Soccer Boys<\/strong><\/span> \u00bb de Carlos Guillerme VOGEL (Br\u00e9sil)<\/li>\n<li><strong>Prix de l&rsquo;association de jumelage Athis-Mons \/ Sinaia (Roumanie)<\/strong><br>pour le meilleur film d&rsquo;animation \u00ab<strong><span style=\"color: #ff6600;\"> Something wittchy<\/span><\/strong> \u00bb d&rsquo;Arielle Demilecamps (Norv\u00e8ge)<\/li>\n<li><strong>Coup de c\u0153ur DiViPassion <\/strong>\u00ab <strong><span style=\"color: #ff6600;\">Les monts gardien de la ville de Sinaia<\/span><\/strong> \u00bb<br>de Felicia MIRZA ( A.S.P.E) Roumanie<\/li>\n<li><strong>Prix sp\u00e9cial du Jury <\/strong>\u00ab <span style=\"color: #ff6600;\"><strong>Le petit bac<\/strong><\/span> \u00bb de David TRUJILLO<\/li>\n<li><strong>Prix du film jeune <\/strong>\u00ab<strong><span style=\"color: #ff6600;\"> Fyodor<\/span> <\/strong>\u00bb de Milo BONNARD<\/li>\n<li><strong>Prix de la meilleure interpr\u00e9tation <\/strong>V\u00e9ronique PICCIOTTO dans \u00ab<span style=\"color: #ff6600;\"><strong> le r\u00f4le de ta vie<\/strong><\/span> \u00bb&nbsp;<\/li>\n<li><strong>Prix du meilleur sc\u00e9nario <\/strong>Georgio STYLIANDUDAKIS, Valentin GYDE, Lina SETRA dans \u00ab <span style=\"color: #ff6600;\"><strong>Bobby et Ginette<\/strong><\/span> \u00bb<\/li>\n<li>Prix de la meilleure mise en sc\u00e8ne Thomas GUTTIERREZ dans \u00ab <strong><span style=\"color: #ff6600;\">Au del\u00e0 des mots<\/span><\/strong> \u00bb<\/li>\n<li><strong>Prix du meilleur montage <\/strong>Thomas GUTTIERREZ dans \u00ab <span style=\"color: #ff6600;\"><strong>Au del\u00e0 des mots<\/strong><\/span> \u00bb&nbsp;<\/li>\n<li><strong>Prix de la meilleure image <\/strong>Jean-Christophe GARCIA dans \u00ab <span style=\"color: #ff6600;\"><strong>Stalker \/ Harceleur<\/strong><\/span> \u00bb<\/li>\n<li><strong>Prix de la meilleure bande son <\/strong>Mathieu RIVOTIER dans \u00ab <span style=\"color: #ff6600;\"><strong>D\u00e9sir Pastel<\/strong><\/span> \u00bb<\/li>\n<li><strong>Prix Arts et traditions populaire <\/strong>\u00ab <strong><span style=\"color: #ff6600;\">Point &#8211; Barre<\/span><\/strong> \u00bb de Florent DEVIER<\/li>\n<\/ul>\n\n\n<div class=\"wp-block-image\">\n<figure class=\"aligncenter size-large\"><img loading=\"lazy\" decoding=\"async\" width=\"1024\" height=\"684\" src=\"https:\/\/www.divipassion.com\/wp-content\/uploads\/2021\/11\/carte-postale-1024x684.jpg\" alt=\"\" class=\"wp-image-1477\" srcset=\"https:\/\/www.divipassion.com\/wp-content\/uploads\/2021\/11\/carte-postale-1024x684.jpg 1024w, https:\/\/www.divipassion.com\/wp-content\/uploads\/2021\/11\/carte-postale-300x200.jpg 300w, https:\/\/www.divipassion.com\/wp-content\/uploads\/2021\/11\/carte-postale-768x513.jpg 768w, https:\/\/www.divipassion.com\/wp-content\/uploads\/2021\/11\/carte-postale-1536x1025.jpg 1536w, https:\/\/www.divipassion.com\/wp-content\/uploads\/2021\/11\/carte-postale-2048x1367.jpg 2048w, https:\/\/www.divipassion.com\/wp-content\/uploads\/2021\/11\/carte-postale-449x300.jpg 449w\" sizes=\"auto, (max-width: 1024px) 100vw, 1024px\" \/><\/figure>\n<\/div>\n\n\n<h2><span style=\"color: #ffffff;\"><span style=\"background-color: #ff6600;\">Programmation des Films<\/span>&nbsp;<\/span><\/h2>\n<p><em>Rappel : le film ne peut \u00eatre projet\u00e9 que si son r\u00e9alisateur ou un repr\u00e9sentant est pr\u00e9sent le jour J pour pr\u00e9senter son film et \u00e9changer avec le public.&nbsp;<br><\/em><\/p>\n<table style=\"width: 100%; height: 1135px;\"><colgroup><col width=\"229\"> <col width=\"255\"> <col width=\"142\"> <\/colgroup>\n<tbody>\n<tr style=\"height: 24px;\">\n<td style=\"height: 23px; width: 36.1905%;\">D\u00e9sir Pastel<\/td>\n<td style=\"height: 23px; width: 40.2381%;\">fiction<\/td>\n<td style=\"height: 23px; width: 22.381%;\">Mathieu Rivolier<\/td>\n<\/tr>\n<tr style=\"height: 45px;\">\n<td style=\"height: 46px; width: 36.1905%;\">I am here to tell you \/ je suis l\u00e0 pour vous dire<\/td>\n<td style=\"height: 46px; width: 40.2381%;\">fiction<\/td>\n<td style=\"height: 46px; width: 22.381%;\">Christel Lakhdar<\/td>\n<\/tr>\n<tr style=\"height: 45px;\">\n<td style=\"height: 41px; width: 36.1905%;\">Big Nonsense \/ Gros non sens<\/td>\n<td style=\"height: 41px; width: 40.2381%;\">fiction<\/td>\n<td style=\"height: 41px; width: 22.381%;\">Louns\u00e9ny Kon\u00e9<\/td>\n<\/tr>\n<tr style=\"height: 87px;\">\n<td style=\"height: 83px; width: 36.1905%;\">Soccer Boys<\/td>\n<td style=\"height: 83px; width: 40.2381%;\">documentaire et reportage<\/td>\n<td style=\"height: 83px; width: 22.381%;\">Arina Alba Lilian Diehl, Carlos Guilherme Vogel<\/td>\n<\/tr>\n<tr style=\"height: 66px;\">\n<td style=\"height: 62px; width: 36.1905%;\">B&amp;B 2.0 (Boucle d&rsquo;or)<\/td>\n<td style=\"height: 62px; width: 40.2381%;\">fiction<\/td>\n<td style=\"height: 62px; width: 22.381%;\">Ana\u00efs Venturi, Philip Matteaccioli<\/td>\n<\/tr>\n<tr style=\"height: 88px;\">\n<td style=\"height: 84px; width: 36.1905%;\">A historic handshake \/ Une poign\u00e9e de main historique<\/td>\n<td style=\"height: 84px; width: 40.2381%;\">fiction<\/td>\n<td style=\"height: 84px; width: 22.381%;\">Aur\u00e9lien Laplace<\/td>\n<\/tr>\n<tr style=\"height: 24px;\">\n<td style=\"height: 23px; width: 36.1905%;\">La Boite \u00e0 musique<\/td>\n<td style=\"height: 23px; width: 40.2381%;\">fiction<\/td>\n<td style=\"height: 23px; width: 22.381%;\">Zo\u00e9 Authier&nbsp;<\/td>\n<\/tr>\n<tr style=\"height: 24px;\">\n<td style=\"height: 23px; width: 36.1905%;\">POINT BARRE<\/td>\n<td style=\"height: 23px; width: 40.2381%;\">documentaire et reportage<\/td>\n<td style=\"height: 23px; width: 22.381%;\">Florent Devier<\/td>\n<\/tr>\n<tr style=\"height: 24px;\">\n<td style=\"height: 23px; width: 36.1905%;\">Fyodor<\/td>\n<td style=\"height: 23px; width: 40.2381%;\">animation<\/td>\n<td style=\"height: 23px; width: 22.381%;\">Milo Bonnard<\/td>\n<\/tr>\n<tr style=\"height: 45px;\">\n<td style=\"height: 41px; width: 36.1905%;\">12H20<\/td>\n<td style=\"height: 41px; width: 40.2381%;\">fiction<\/td>\n<td style=\"height: 41px; width: 22.381%;\">Kaluszynski Gabriel<\/td>\n<\/tr>\n<tr style=\"height: 45px;\">\n<td style=\"height: 41px; width: 36.1905%;\">Stalker \/ Harceleur<\/td>\n<td style=\"height: 41px; width: 40.2381%;\">fiction<\/td>\n<td style=\"height: 41px; width: 22.381%;\">Jean-Christophe Garcia<\/td>\n<\/tr>\n<tr style=\"height: 87px;\">\n<td style=\"height: 83px; width: 36.1905%;\">Bobby &amp; Ginette<\/td>\n<td style=\"height: 83px; width: 40.2381%;\">fiction<\/td>\n<td style=\"height: 83px; width: 22.381%;\">Giorgio Stylianoudakis &#8211; Valentin Gyde &#8211; Lina Setra<\/td>\n<\/tr>\n<tr style=\"height: 24px;\">\n<td style=\"height: 23px; width: 36.1905%;\">Appeased \/ Apais\u00e9<\/td>\n<td style=\"height: 23px; width: 40.2381%;\">fiction<\/td>\n<td style=\"height: 23px; width: 22.381%;\">Charles Ritter<\/td>\n<\/tr>\n<tr style=\"height: 66px;\">\n<td style=\"height: 62px; width: 36.1905%;\">Les monts Bucegi gardiens de la Ville de Sinaia<\/td>\n<td style=\"height: 62px; width: 40.2381%;\">Ville jumel\u00e9e SINAIA<\/td>\n<td style=\"height: 62px; width: 22.381%;\">Lucia Nedelcu \/ ASPE<\/td>\n<\/tr>\n<tr style=\"height: 45px;\">\n<td style=\"height: 41px; width: 36.1905%;\">Autumn \/ Automne<\/td>\n<td style=\"height: 41px; width: 40.2381%;\">film minute<\/td>\n<td style=\"height: 41px; width: 22.381%;\">Jean-Marie Villeneuve<\/td>\n<\/tr>\n<tr style=\"height: 24px;\">\n<td style=\"height: 10px; width: 36.1905%;\">Nigthfire<\/td>\n<td style=\"height: 10px; width: 40.2381%;\">ville jumel\u00e9e Ballina<\/td>\n<td style=\"height: 10px; width: 22.381%;\">Topher Neville<\/td>\n<\/tr>\n<tr style=\"height: 45px;\">\n<td style=\"height: 41px; width: 36.1905%;\">De A \u00e0 B en passant par T<\/td>\n<td style=\"height: 41px; width: 40.2381%;\">documentaire et reportage<\/td>\n<td style=\"height: 41px; width: 22.381%;\">Ana\u00efs Girard<\/td>\n<\/tr>\n<tr style=\"height: 45px;\">\n<td style=\"height: 41px; width: 36.1905%;\">Beyond Words \/ Au del\u00e0 des mots<\/td>\n<td style=\"height: 41px; width: 40.2381%;\">fiction<\/td>\n<td style=\"height: 41px; width: 22.381%;\">Thomas Guttierrez<\/td>\n<\/tr>\n<tr style=\"height: 24px;\">\n<td style=\"height: 23px; width: 36.1905%;\">Les Mecanorgans<\/td>\n<td style=\"height: 23px; width: 40.2381%;\">animation<\/td>\n<td style=\"height: 23px; width: 22.381%;\">Lib\u00e9ral Martin<\/td>\n<\/tr>\n<tr style=\"height: 45px;\">\n<td style=\"height: 41px; width: 36.1905%;\">Stop the Bus \/ Arr\u00eatez le bus<\/td>\n<td style=\"height: 41px; width: 40.2381%;\">fiction<\/td>\n<td style=\"height: 41px; width: 22.381%;\">David Trujillo<\/td>\n<\/tr>\n<tr style=\"height: 45px;\">\n<td style=\"height: 41px; width: 36.1905%;\">Something Witchy<\/td>\n<td style=\"height: 41px; width: 40.2381%;\">animation<\/td>\n<td style=\"height: 41px; width: 22.381%;\">Arielle Demilecamps<\/td>\n<\/tr>\n<tr style=\"height: 45px;\">\n<td style=\"height: 46px; width: 36.1905%;\">You do not have the r\u00f4le \/ Vous n&rsquo;avez pas le r\u00f4le<\/td>\n<td style=\"height: 46px; width: 40.2381%;\">fiction<\/td>\n<td style=\"height: 46px; width: 22.381%;\">Maud Challier<\/td>\n<\/tr>\n<tr style=\"height: 66px;\">\n<td style=\"height: 62px; width: 36.1905%;\">THE ROLE OF A LIFETIME \/ Le r\u00f4le d&rsquo;une vie<\/td>\n<td style=\"height: 62px; width: 40.2381%;\">fiction<\/td>\n<td style=\"height: 62px; width: 22.381%;\">Marc Saez<\/td>\n<\/tr>\n<tr style=\"height: 66px;\">\n<td style=\"height: 62px; width: 36.1905%;\">Kiki The Feather \/ Kiki la plume<\/td>\n<td style=\"height: 62px; width: 40.2381%;\">animation<\/td>\n<td style=\"height: 62px; width: 22.381%;\">Julie Rembauville \/ Nicolas Bianco<\/td>\n<\/tr>\n<tr style=\"height: 24px;\">\n<td style=\"height: 23px; width: 36.1905%;\">IN\u01a7IDE<\/td>\n<td style=\"height: 23px; width: 40.2381%;\">fiction<\/td>\n<td style=\"height: 23px; width: 22.381%;\">Lancelot Mingau<\/td>\n<\/tr>\n<tr style=\"height: 24px;\">\n<td style=\"height: 23px; width: 36.1905%;\">IMAQA<\/td>\n<td style=\"height: 23px; width: 40.2381%;\">documentaire et reportage<\/td>\n<td style=\"height: 23px; width: 22.381%;\">Philip Malca<\/td>\n<\/tr>\n<tr style=\"height: 24px;\">\n<td style=\"height: 23px; width: 36.1905%;\">Force Int\u00e9rieur<\/td>\n<td style=\"height: 23px; width: 40.2381%;\">fiction<\/td>\n<td style=\"height: 23px; width: 22.381%;\">Willy Brute<\/td>\n<\/tr>\n<\/tbody>\n<\/table>\n\n\n\n<h1 class=\"has-large-font-size wp-block-heading\"><span style=\"color: #ff0000;\">Historique des festivals DiViPassion <\/span><\/h1>\n\n\n\n<h1 class=\"has-large-font-size wp-block-heading\"><span style=\"color: #ff6600;\"><span style=\"color: #ffffff; background-color: #ff6600;\">2019<\/span> &#8211; 11\u00e8me festival<\/span><\/h1>\n\n\n\n<ul class=\"wp-block-list\">\n<li><a id=\"local\"><\/a><a id=\"festival-local\"><\/a><a id=\"regional\"><\/a>1) <a id=\"details\"><\/a>D\u00e9tails sur les festivals pass\u00e9s, de DiViPassion \u00e0 Athis-Mons:&nbsp;&nbsp;<i> <a style=\"pointer-events: none;\" href=\"https:\/\/www.divipassion.com\/wp-content\/uploads\/2012\/10\/affichefestival2019.jpg\"><img loading=\"lazy\" decoding=\"async\" class=\"alignleft size-thumbnail wp-image-1165\" src=\"https:\/\/www.divipassion.com\/wp-content\/uploads\/2012\/10\/affichefestival2019-150x150.jpg\" alt=\"\" width=\"150\" height=\"150\"><\/a><\/i><\/li>\n\n\n\n<li><span style=\"font-size: 20px; background-color: #ffffff;\"><strong><a id=\"festival11\"><\/a><span style=\"background-color: #ffffff; font-size: 16px;\">Le 11e festival DiViPassion<\/span><\/strong><\/span><span style=\"background-color: #ff00ff;\"><span style=\"background-color: #ffffff;\"> : <\/span><br><\/span>s&rsquo;est tenu \u00e0 la <b>Maison de l&rsquo;Environnement et du D\u00e9veloppement durable de l&rsquo;a\u00e9roport de Paris-Orly<\/b>, Rue du Mus\u00e9e Athis-Mons (91200).<\/li>\n\n\n\n<li>Sur Youtube voir&nbsp; <a style=\"pointer-events: none;\" href=\"https:\/\/youtu.be\/CtBAFRgIK_M\" target=\"_blank\" rel=\"noopener noreferrer\">la bande annonce du festival 2019 !<\/a><\/li>\n\n\n\n<li><i><b>Date limite des inscriptions \u00e9tait le 15 D\u00e9cembre 2018 : <\/b><\/i>Inscription gratuite, cat\u00e9gories propos\u00e9es : fictions, animations, reportages et documentaires ; Films Jeunes, films \u00ab&nbsp;arts et traditions populaires&nbsp;\u00bb&#8230; , th\u00e8me libre et qui ne devaient <b>pas exc\u00e9der 15 minutes.&nbsp; <\/b><b>Le r\u00e9alisateur s\u2019engageait \u00e0 \u00eatre pr\u00e9sent ou \u00e0 \u00eatre repr\u00e9sent\u00e9.<\/b><\/li>\n\n\n\n<li><strong>Le <a style=\"pointer-events: none;\" href=\"https:\/\/www.divipassion.com\/wp-content\/uploads\/2012\/10\/PalmaresFestivalDVP2019-1.jpg\"><img loading=\"lazy\" decoding=\"async\" class=\"alignright wp-image-1220 size-thumbnail\" src=\"https:\/\/www.divipassion.com\/wp-content\/uploads\/2012\/10\/PalmaresFestivalDVP2019-1-150x150.jpg\" alt=\"\" width=\"150\" height=\"150\"><\/a>palmar\u00e8s <\/strong>ci-contre :<\/li>\n\n\n\n<li>\n<p class=\"western\"><b><a style=\"pointer-events: none;\" href=\"https:\/\/www.divipassion.com\/wp-content\/uploads\/2012\/10\/Affiche-A4-final-V1-1.pdf\">Affiche&nbsp;<\/a><i>&nbsp; : l&rsquo;affichette en pdf \u00e0 t\u00e9l\u00e9charger si besoin , ainsi que le <a style=\"pointer-events: none;\" href=\"https:\/\/www.divipassion.com\/wp-content\/uploads\/2012\/10\/Flyer-11\u00e8me-festival-DiViPassion-2019-.pdf\">Flyer 11\u00e8me festival DiViPassion 2019<\/a><\/i><\/b><\/p>\n<p>&nbsp;<\/p>\n<\/li>\n<\/ul>\n\n\n\n<h1 class=\"has-large-font-size wp-block-heading\"><span style=\"color: #ff6600;\"><span style=\"background-color: #ff0000; color: #ffffff;\">2018<\/span> 10\u00e8me festival<\/span><\/h1>\n\n\n\n<ul class=\"wp-block-list\">\n<li>Le 10\u00e8me festival DiViPassion :s&rsquo;est tenu le 20 janvier 2018, \u00e0 la Maison de l&rsquo;Environnement et du D\u00e9veloppement durable de l&rsquo;a\u00e9roport Paris-Orly&nbsp; :&nbsp;&nbsp; <a style=\"pointer-events: none;\" href=\"https:\/\/www.divipassion.com\/wp-content\/uploads\/2012\/10\/Reglement_-Fiche_inscription_10eFestivalDiViPassion_-janvier2018.doc\">R\u00e8glement et Fiche d&rsquo;inscription pour le 10e Festival DiViPassion<\/a> Bande annonce du Festival r\u00e9alis\u00e9e par Yohann Compin : <a style=\"pointer-events: none;\" href=\"https:\/\/youtu.be\/OtenBl2fqW0\" target=\"_blank\" rel=\"noopener noreferrer\" data-saferedirecturl=\"https:\/\/www.google.com\/url?hl=fr&amp;q=https:\/\/youtu.be\/OtenBl2fqW0&amp;source=gmail&amp;ust=1516191825090000&amp;usg=AFQjCNFh_sEZ_6FCPgQUDvIqvgGB5v-HoQ\">https:\/\/youtu.be\/OtenBl2fqW0&nbsp;&nbsp;<\/a>Programme&nbsp; :&nbsp; <a style=\"pointer-events: none;\" href=\"https:\/\/www.divipassion.com\/wp-content\/uploads\/2012\/10\/document.pdf\" target=\"_blank\" rel=\"noopener noreferrer\">programme de la journ\u00e9e&nbsp;&nbsp;<\/a>La revue \u00e9cran n\u00b020 de la FFCV a propos\u00e9 un article sur le Festival DiViPassion \u00e0 lire ici : <a style=\"pointer-events: none;\" href=\"https:\/\/t.co\/mBTwSb4Yqu\" target=\"_blank\" rel=\"noopener noreferrer\">&nbsp;https:\/\/t.co\/mBTwSb4Yqu<\/a><\/li>\n<\/ul>\n\n\n\n<div>\n<p><a style=\"pointer-events: none;\" title=\"Palmar\u00e8s 10\u00e8me Festival DiViPassion\" href=\"https:\/\/divipassion.over-blog.com\/2018\/01\/palmares-10eme-festival-divipassion.html\">Palmar\u00e8s&nbsp; du 10\u00e8me Festival DiViPassion<\/a><\/p>\n<\/div>\n\n\n\n<div>\n<div>\n<div>\n<ul>\n<li>Grand Prix du Festival (offert par la ville d&rsquo;Athis-Mons)<\/li>\n<li>MAZEPPA de Jonathan Lago Lago<\/li>\n<li>2\u00e8me Grand Prix &nbsp;offert par le Groupe ADP<\/li>\n<li>BUS POUR TOUS&nbsp;de Gauthier Blazewicz<\/li>\n<li>3\u00e8me Grand Prix offert par DiViPassion<\/li>\n<li>TRINA CRIA de Joseph Guarneri et David Simon<\/li>\n<li>Prix de la ville de Sina\u00efa<\/li>\n<li>CHRISTOPHER&nbsp;BOYD&nbsp;de Juliette Guillem<\/li>\n<li>Coup de Coeur DiViPassion<\/li>\n<li>LE SERMENT&nbsp;de Jenny Fossy<\/li>\n<li>Prix du meilleur film jeune offert par MVNR<\/li>\n<li>CA VA SANS DIRE de Pierre Sabrou<\/li>\n<li>Prix de la meilleure interpr\u00e9tation offert par Cinevif<\/li>\n<li>Com\u00e9diens de BUS POUR TOUS<\/li>\n<li>Prix de la meilleure mise en sc\u00e8ne par l&rsquo;ADEVAM<\/li>\n<li>JOLI COUP&nbsp;de Julien Rouvier<\/li>\n<li>Prix de la meilleure image offert par IMATHIS<\/li>\n<li>LE VEILLEUR&nbsp;de Nicolas Bellaiche<\/li>\n<li>Prix du meilleur sc\u00e9nario offert par Lissac Opticien<\/li>\n<li>HOPI de Yanis Challab<\/li>\n<li>Prix sp\u00e9cial du jury offert par \u00ab\u00a0Au nom de la Fleur\u00a0\u00bb<\/li>\n<li>PARTIR ou MOURIR de Josette Bardy<\/li>\n<\/ul>\n<p><strong>Toutes nos f\u00e9licitations aux laur\u00e9ats.<\/strong><\/p>\n<\/div>\n<\/div>\n<\/div>\n\n\n\n<h1 class=\"has-large-font-size wp-block-heading\"><a id=\"international\"><\/a><span style=\"background-color: #ff0000; color: #ffffff;\">2016 <\/span><span style=\"color: #ff0000;\">&#8211; \u00e0 l&rsquo;international :&nbsp;<\/span><\/h1>\n\n\n\n<ul class=\"wp-block-list\">\n<li><strong>9<sup>\u00e8me<\/sup> festival devenu le 1<sup>er<\/sup> Festival international<\/strong> <span style=\"color: #ff0000;\">DiViPassion<\/span> de court-m\u00e9trage&nbsp;<a style=\"pointer-events: none;\" href=\"https:\/\/www.divipassion.com\/wp-content\/uploads\/2012\/10\/R\u00e8glement-et-Fiche-dinscription-8-Festival-DiViPassion-2016-V1.doc\"> (R\u00e8glement et Fiche d&rsquo;inscription) : participation des villes jumel\u00e9es avec ATHIS-MONS !<\/a><\/li>\n\n\n\n<li>En 2013&nbsp;&nbsp;\u00ab\u00a0<em>F\u00eates comme chez vous<\/em> \u00a0\u00bb de Jean Marc Rettig, m\u00e9daille d or \u00e0 l&rsquo;<strong>UN<\/strong><\/li>\n<\/ul>\n\n\n<div class=\"wp-block-image\">\n<figure class=\"aligncenter\"><a href=\"https:\/\/www.divipassion.com\/wp-content\/uploads\/2012\/10\/9\u00e8me-festival-DVP.jpg\"><img loading=\"lazy\" decoding=\"async\" width=\"225\" height=\"300\" src=\"https:\/\/www.divipassion.com\/wp-content\/uploads\/2012\/10\/9\u00e8me-festival-DVP-225x300.jpg\" alt=\"9\u00e8me festival DVP\" class=\"wp-image-917\" srcset=\"https:\/\/www.divipassion.com\/wp-content\/uploads\/2012\/10\/9\u00e8me-festival-DVP-225x300.jpg 225w, https:\/\/www.divipassion.com\/wp-content\/uploads\/2012\/10\/9\u00e8me-festival-DVP-768x1024.jpg 768w\" sizes=\"auto, (max-width: 225px) 100vw, 225px\" \/><\/a><figcaption class=\"wp-element-caption\">premier festival international : avec les villes jumel\u00e9es \u00e0 Athis-Mons<\/figcaption><\/figure>\n<\/div>\n\n\n<ul>\n<li>Le 9e FESTIVAL, s&rsquo;est tenu le&nbsp; 26 novembre 2016, au cin\u00e9ma Ventura \u00e0 Athis-Mons, en partenariat avec les villes jumel\u00e9es Ballina (Irlande), Rothenburg (Allemagne), Sora (Italie) et Sina\u00efa (Roumanie)<\/li>\n<\/ul>\n<p align=\"CENTER\">Palmar\u00e8s 9\u00e8me Festival DiViPassion&nbsp;&nbsp; <a style=\"pointer-events: none;\" href=\"https:\/\/www.divipassion.com\/wp-content\/uploads\/2016\/11\/Palmares2016-Festival-DVP-affectation.jpg\" target=\"_blank\" rel=\"noopener noreferrer\">lien vers le palmar\u00e8s en pdf<\/a><\/p>\n<ul>\n<li>\n<p style=\"text-align: left;\" align=\"CENTER\">Grand Prix de la ville d&rsquo;Athis-Mons : \u00ab\u00a0C&rsquo;est arriv\u00e9 dans notre ville de Sina\u00efa\u00a0\u00bb par le Coll\u00e8ge Cantacouzino Sina\u00efa (Roumanie<br>1er prix : \u00ab\u00a0Une bonne affaire\u00a0\u00bb de Laurent Ardoint : Roger Martin est d\u00e9tective au bout du rouleau. Une femme vient lui demander d&rsquo;enqu\u00eater sur son mari qu\u2019elle soup\u00e7onne de lui \u00eatre infid\u00e8le&#8230;<br>2\u00e8me prix : \u00ab\u00a0UPIR\u00a0\u00bb de Laura Rembault : Quand un petit gar\u00e7on est persuad\u00e9 que sa nounou est un vampire..<br>3\u00e8me prix :\u00a0\u00bbLe cadeau\u00a0\u00bb de Maxime Cr\u00e9pieux : Marc emm\u00e8ne son fils Th\u00e9o pour lui acheter un cadeau. Mais \u00e0 son retour Th\u00e9o r\u00e9v\u00e8le \u00e0 sa m\u00e8re qu\u2019 il n&rsquo;a pas de cadeau. La situation devient tendue..<br>Coup de coeur DiViPassion : \u00ab\u00a0Irma\u00a0\u00bb de Loic Gamain<br>Prix du public :\u00a0\u00bbEDC TV\u00a0\u00bb de Claudy Leno, Espace des clos (SJS) Athis-Mons<br>Prix du film Jeune : \u00ab\u00a0Super citoyen\u00a0\u00bb Collectif BKE Evry<br>Prix Art et tradition populaire : \u00ab\u00a0Au pays de l&rsquo;or vert\u00a0\u00bb de Philp MALKA<br>Prix de la meilleure Image : \u00a0\u00bb Le secret de Tatooine\u00a0\u00bb Jordan Inconstan<br>Prix de la meilleure interpr\u00e9tation :&nbsp; \u00ab\u00a0Tunisie 2045\u00a0\u00bb&nbsp; de Nabiha AKKARI<br>Prix Regard nature : \u00ab\u00a0Woman on the road\u00a0\u00bb de Josette Bardy<br>Prix film structure Ath\u00e9gienne : \u00ab\u00a0EDC TV\u00a0\u00bb Claudy Leno Espace des Clos (SJS) Athis-Mons<br>Mention sp\u00e9ciale du Jury : \u00ab&nbsp;Pyjama suicide&nbsp;\u00bb de Ars\u00e8ne Chabrier<\/p>\n<\/li>\n<\/ul>\n<p style=\"text-align: left;\" align=\"CENTER\"><strong>F\u00e9licitations \u00e0 tous les laur\u00e9ats !<\/strong><\/p>\n<p>L\u2019Association d\u2019Athis-Mons&nbsp; a f\u00eat\u00e9&nbsp; cette ann\u00e9e l\u00e0 ses dix ans d\u2019existence et a d\u00e9cid\u00e9 d\u2019ouvrir son Festival non seulement \u00e0 tous les amateurs de France, mais plus largement aux organisations de cin\u00e9astes des villes \u00e9trang\u00e8res jumel\u00e9es avec Athis-Mons en Allemagne, Irlande, Roumanie et Italie. Tr\u00e8s largement soutenu par la Municipalit\u00e9 \u00e0 cause de son engagement aupr\u00e8s de toutes les associations actives de la ville, Divipassion est aussi l\u2019un des porte-flambeau de la F\u00e9d\u00e9ration fran\u00e7aise de Cin\u00e9ma (FFCV) et de son Comit\u00e9 en Ile de France : Cin\u00e9vif. Plusieurs fois organisateur des concours de s\u00e9lection pour le Concours National, Divipassion b\u00e9n\u00e9ficie d\u2019une grande ma\u00eetrise de l\u2019organisation de ce genre d\u2019\u00e9v\u00e9nement dans sa salle f\u00e9tiche du cin\u00e9ma Lino-Ventura d\u2019Athis\u2013Mons. Nous esp\u00e9rons que le public y viendra nombreux applaudir les amateurs : ces illustres inconnus du cin\u00e9ma. Ils sont pourtant le renouveau permanent de la cr\u00e9ation cin\u00e9matographique autoproduite dont nous voudrions voir plus souvent les \u0153uvres en premi\u00e8re partie de nos salles obscures si la publicit\u00e9 voulait bien leur faire une petite place. Notre seul souhait est que l\u2019on vienne voir nos films : Documentaires, Fictions, Expression Libre, Films d\u2019animation et m\u00eame Films-minute, tous les genres sont passionnants et racontent la vie.&nbsp; Patrick Armenault, secr\u00e9taire de Divipassion<\/p>\n<p>Programme et plan d&rsquo;acc\u00e8s via le site de la mairie d Athis-Mons : <a style=\"pointer-events: none;\" href=\"https:\/\/www.mairie-athis-mons.fr\/agenda\/evenement_3030.htm\" target=\"_blank\" rel=\"noopener noreferrer\" data-saferedirecturl=\"https:\/\/www.google.com\/url?hl=fr&amp;q=https:\/\/www.mairie-athis-mons.fr\/agenda\/evenement_3030.htm&amp;source=gmail&amp;ust=1479563087682000&amp;usg=AFQjCNEJnYvSaB001LBvX-0W2pvUlz0deA\">https:\/\/www.mairie-athis-mons.fr\/agenda\/evenement_3030.htm<br><\/a>La bande annonce du Festival : (elle affiche quelques extraits de films en comp\u00e9tition)&nbsp; <a style=\"pointer-events: none;\" href=\"https:\/\/dai.ly\/x52fesh\" data-saferedirecturl=\"https:\/\/www.google.com\/url?hl=fr&amp;q=https:\/\/dai.ly\/x52fesh&amp;source=gmail&amp;ust=1479563430094000&amp;usg=AFQjCNH--e74l6QxDRF69F_R0vc1iLCoXw\">https:\/\/dai.ly\/x52fesh<\/a><\/p>\n\n\n\n<h1 class=\"has-large-font-size wp-block-heading\"><span style=\"color: #ff0000;\">Les festivals pr\u00e9c\u00e9dents : 2014-2007<\/span><\/h1>\n\n\n\n<figure class=\"wp-block-image\"><a href=\"https:\/\/www.divipassion.com\/wp-content\/uploads\/2012\/10\/MOSAIQUEFESTIVALS_850X610-1.jpg\"><img loading=\"lazy\" decoding=\"async\" width=\"850\" height=\"610\" src=\"https:\/\/www.divipassion.com\/wp-content\/uploads\/2012\/10\/MOSAIQUEFESTIVALS_850X610-1.jpg\" alt=\"MOSAIQUEFESTIVALS_850X610\" class=\"wp-image-802\" srcset=\"https:\/\/www.divipassion.com\/wp-content\/uploads\/2012\/10\/MOSAIQUEFESTIVALS_850X610-1.jpg 850w, https:\/\/www.divipassion.com\/wp-content\/uploads\/2012\/10\/MOSAIQUEFESTIVALS_850X610-1-300x215.jpg 300w, https:\/\/www.divipassion.com\/wp-content\/uploads\/2012\/10\/MOSAIQUEFESTIVALS_850X610-1-768x551.jpg 768w, https:\/\/www.divipassion.com\/wp-content\/uploads\/2012\/10\/MOSAIQUEFESTIVALS_850X610-1-418x300.jpg 418w\" sizes=\"auto, (max-width: 850px) 100vw, 850px\" \/><\/a><\/figure>\n\n\n\n<p>Un floril\u00e8ge, aper\u00e7u des diff\u00e9rentes actions de DiViPASSION au cours des ann\u00e9es pr\u00e9c\u00e9dentes peut \u00eatre visualis\u00e9 ici :<\/p>\n\n\n\n<ul class=\"wp-block-list\">\n<li><a style=\"pointer-events: none;\" href=\"https:\/\/www.dailymotion.com\/video\/x35ab5p_florilege-divipassion-2015_news\" target=\"_blank\" rel=\"noopener noreferrer\"><u>Floril\u00e8ge 2015<\/u><\/a><\/li>\n\n\n\n<li><a style=\"pointer-events: none;\" href=\"https:\/\/www.dailymotion.com\/video\/x4iv3m4_florilege-2013_creation\" target=\"_blank\" rel=\"noopener noreferrer\"><u>2013<\/u><\/a><u><br><\/u><\/li>\n<\/ul>\n\n\n\n<p class=\"has-text-align-center\"><strong>Voir aussi les playlists<\/strong> pr\u00e9par\u00e9es dans Daily motion pour<\/p>\n\n\n\n<ul class=\"wp-block-list\">\n<li><strong>En 2014,&nbsp; 8e FESTIVAL <\/strong>:&nbsp;<a style=\"pointer-events: none;\" href=\"https:\/\/www.dailymotion.com\/video\/x2bolbd_8eme-festival-du-court-metrage-divipassion-gingle_shortfilms\"> <span id=\"video_title\" class=\"font-xl \" title=\"8\u00e8me Festival du court m\u00e9trage DiViPassion gingle\">8\u00e8me Festival du court m\u00e9trage DiViPassion (voir le blog)<\/span><\/a><strong><span style=\"color: #000000;\">1er<\/span><\/strong><strong><span style=\"color: #000000;\"> Prix : <\/span><\/strong><em>La Veilleuse<\/em>&nbsp;de Joan BORDERIE (Ecole de la Cit\u00e9 &#8211; Luc Besson)\n<ul class=\"wp-block-list\">\n<li>&nbsp;<strong>2\u00e8me Prix : <\/strong><em>La For\u00eat Noire<\/em>&nbsp;de Lydia CASTELLANO<\/li>\n\n\n\n<li><strong>3\u00e8me Prix&nbsp;: <\/strong><em>Un jour mon prince viendra<\/em>&nbsp;de Charles RITTER (AAIS Paris)<\/li>\n\n\n\n<li><strong>Prix du Public <\/strong><em>Mon premier sc\u00e9nario<\/em>&nbsp;de Amine KASSID (Collectif mineur prod)<\/li>\n\n\n\n<li><strong>P<\/strong><strong>rix du film \u00ab\u00a0Jeune\u00a0\u00bb<\/strong><strong>Y<\/strong><em>o soy Pedro<\/em>&nbsp;de Jordan INCONSTANT (DiViPassion)<\/li>\n\n\n\n<li><strong>Prix du film documentaire <\/strong><em>ASTOU<\/em>&nbsp;de Fran\u00e7oise BREMOND ( 3\u00e8me oeil Angers)<\/li>\n\n\n\n<li><strong>Prix du meilleur sc\u00e9nario&nbsp;: <\/strong><em>Le constat<\/em>&nbsp;de Adrien FOSSOIS (Association Studio Clap)<\/li>\n\n\n\n<li><strong>Prix de la meilleure interpr\u00e9tation <\/strong>Laurent Claret du film&nbsp;<em>Pass\u00e9 compos\u00e9<\/em>&nbsp;de Ted HARDY-CARNAC<\/li>\n\n\n\n<li><strong>Prix de la meilleure image <\/strong><em>Le formidable fils de la famille Martin<\/em>&nbsp;de Ga\u00ebtan SELLE (Association Cam\u00e9ra 7)<\/li>\n\n\n\n<li><strong>Prix de l&rsquo;originalit\u00e9 <\/strong><em>Speed Pizza<\/em>&nbsp;de Jean-Pierre Clavier (CA Bouchet)<\/li>\n\n\n\n<li><strong>Coup de coeur DiViPassion <\/strong><em>L&rsquo;Aveugle \u00e9crivain<\/em>&nbsp;de Yohann DUCOURROY (DiViPassion)<\/li>\n<\/ul>\n<\/li>\n\n\n\n<li><strong>En 2013, 7e FESTIVAL&nbsp; <\/strong><span style=\"color: #000080;\"><span lang=\"zxx\"><a style=\"pointer-events: none;\" href=\"https:\/\/www.dailymotion.com\/playlist\/x2yy2f_DiViPassion_palmares-du-7eme-festival-divipassion\"><span style=\"color: #0066dc;\">Palmar\u00e8s du 7\u00e8me Festival DiViPassion, 7 vid\u00e9os en mode public<\/span><\/a><\/span><\/span>\n<ul class=\"wp-block-list\">\n<li><a style=\"pointer-events: none;\" href=\"https:\/\/www.dailymotion.com\/video\/x18k9vl\">Prix du Public Pour <em>R\u00e9sistante<\/em> de Matthieu Morandeau <\/a><\/li>\n\n\n\n<li><a style=\"pointer-events: none;\" href=\"https:\/\/www.dailymotion.com\/video\/x18ly5p_prix-art-et-tradition-eric-une-rencontre-augeronne-au-7eme-festival-divipassion_shortfilms\">Prix Art et Tradition <em>ERIC..une rencontre augeronne<\/em><\/a><\/li>\n\n\n\n<li><a style=\"pointer-events: none;\" href=\"https:\/\/www.dailymotion.com\/video\/x18ff37_meilleur-scenario-pour-amenez-moi-le-soleil-de-francis-lambert-au-7eme-festival-divipassion_shortfilms\">Meilleur sc\u00e9nario pour <em>Amenez moi le soleil<\/em> de Francis Lambert<\/a><\/li>\n\n\n\n<li><a style=\"pointer-events: none;\" href=\"https:\/\/www.dailymotion.com\/video\/x18erwf_coup-de-coeur-diviassion-sisters-shadow-au-7eme-festival-divipassion_shortfilms\">Coup de coeur DiVipassion &#8211; <em>Sisters Shadow<\/em> <\/a><\/li>\n\n\n\n<li><a style=\"pointer-events: none;\" href=\"https:\/\/www.dailymotion.com\/video\/x18efca_3eme-prix-eh-bien-dansez-maintenant-de-jacques-lamande-au-7eme-festival-divipassion_shortfilms\">3\u00e8me Prix <em>Eh bien dansez maintenant<\/em> de Jacques Lamand\u00e9 <\/a><\/li>\n\n\n\n<li><a style=\"pointer-events: none;\" href=\"https:\/\/www.dailymotion.com\/video\/x18do2w_2eme-prix-petit-cheminot-de-maxime-fortino-au-7eme-festival-divipassion_shortfilms\">2\u00e8me Prix <em>Petit cheminot<\/em> de Maxime Fortino<\/a><\/li>\n\n\n\n<li><a style=\"pointer-events: none;\" href=\"https:\/\/www.dailymotion.com\/video\/x18di9l_1er-prix-sale-bete-de-vincent-dousset-au-7eme-festival-divipassion_shortfilms\">1er Prix &#8211; \u00ab\u00a0<em>Sale B\u00eate<\/em>\u00a0\u00bb de Vincent Dousset <\/a><\/li>\n<\/ul>\n<\/li>\n\n\n\n<li><a style=\"pointer-events: none;\" href=\"https:\/\/www.dailymotion.com\/video\/x4iv3m4_florilege-2013_creation\" target=\"_blank\" rel=\"noopener noreferrer\"><u>2013 Foril\u00e8ge<\/u><\/a><u><br><\/u><\/li>\n\n\n\n<li><strong>2012 6e<\/strong>&nbsp; <span style=\"color: #000080;\"><span lang=\"zxx\"><a style=\"pointer-events: none;\" href=\"https:\/\/www.dailymotion.com\/playlist\/x2cvm2_DiViPassion_palamres-6eme-festival-divipassion\"><span style=\"color: #0066dc;\">Palmar\u00e8s 6\u00e8me Festival DiViPassio\u2026,<\/span><\/a><\/span><\/span><span lang=\"zxx\">2 vid\u00e9os propos\u00e9es en mode public<\/span><\/li>\n\n\n\n<li><strong>2011 5e&nbsp;<\/strong> &nbsp;&nbsp; <span style=\"color: #000080;\"><span lang=\"zxx\"><u><a style=\"pointer-events: none;\" href=\"https:\/\/www.dailymotion.com\/playlist\/x1sdvs_DiViPassion_palmares-5e-festival-divipassion\"><span style=\"color: #0066dc;\">P<\/span><\/a><\/u><a style=\"pointer-events: none;\" href=\"https:\/\/www.dailymotion.com\/playlist\/x1sdvs_DiViPassion_palmares-5e-festival-divipassion\"><span style=\"color: #0066dc;\">almar\u00e8s 5e Festival DiViPassio ,&nbsp;<\/span><\/a><\/span><\/span><span lang=\"zxx\"> 6 vid\u00e9os propos\u00e9es en mode public<\/span><\/li>\n\n\n\n<li><strong>2010 4e<\/strong>&nbsp;&nbsp;&nbsp; <a style=\"pointer-events: none;\" href=\"https:\/\/www.dailymotion.com\/playlist\/x1gmxx_DiViPassion_4eme-festival-video-divipassion\">4\u00e8me Festival Vid\u00e9o DiViPassion 2010<\/a> ,&nbsp; 6 vid\u00e9os<\/li>\n\n\n\n<li><strong>2009<\/strong> : <span style=\"color: #0066dc;\">&#8211; <\/span><span style=\"color: #000080;\"><span lang=\"zxx\"><a style=\"pointer-events: none;\" href=\"https:\/\/www.dailymotion.com\/playlist\/x17mjx_DiViPassion_festival-video-divipassion-2009\"><span style=\"color: #0066dc;\">Festival Video DiViPassion 200\u2026, <\/span><\/a><\/span><\/span>7 vid\u00e9os en <a id=\"regional\"><\/a>mode public<\/li>\n<\/ul>\n\n\n\n<hr class=\"wp-block-separator has-alpha-channel-opacity\"\/>\n\n\n\n<h1 class=\"has-white-color has-luminous-vivid-orange-background-color has-text-color has-background has-medium-font-size wp-block-heading\" id=\"Festival-r\u00e9gional\"><span style=\"background-color: #ff0000; color: #ffffff;\"><mark style=\"background-color:#ff6900\" class=\"has-inline-color has-white-color\">2 ) LE FESTIVAL REGIONAL<\/mark><\/span><\/h1>\n\n\n\n<p>Organis\u00e9 par\/pour&nbsp; <img loading=\"lazy\" decoding=\"async\" class=\"\" title=\"\" src=\"https:\/\/www.cinevif.fr\/wp-content\/uploads\/2016\/03\/CINEVIF-Logo-Couleur-CS5-01.png\" alt=\"\" width=\"66\" height=\"30\">\u00ab\u00a0<span style=\"color: #ff6600;\"><strong>Les M\u00e9li\u00e8s du Court M\u00e9trage<\/strong><\/span>\u00ab\u00a0, la manifestation phare d\u00e9di\u00e9e \u00e0 ce format cin\u00e9matographique en Ile-de-France. Divipassion y a activement particip\u00e9, tant au niveau du jury que des oeuvres pr\u00e9sent\u00e9es !<\/p>\n\n\n\n<ul class=\"wp-block-list\">\n<li><strong>en 2019<\/strong> :\n<ul class=\"wp-block-list\">\n<li>4 films pr\u00e9sent\u00e9s par Divipassion ont re\u00e7u un M\u00e9li\u00e8s d&rsquo;or : Concordance de Jade Morice , Eveil \u00e0 la foi(s) de Didier Bourg, Dans la peau de Lunart-X de Nicolas Gegout, Point de fuite de Yohann Compin.<\/li>\n\n\n\n<li>Les 3 premiers se visualisent sur la cha\u00eene <a style=\"pointer-events: none;\" href=\"https:\/\/www.youtube.com\/user\/DiViPassion\/videos\" target=\"_blank\" rel=\"noopener noreferrer\">videos de DiViPassion sur Youtube (lien ici) <\/a>.&nbsp;<a style=\"pointer-events: none;\" href=\"https:\/\/www.divipassion.com\/wp-content\/uploads\/2012\/10\/MELIES_2019_PALMARES.pdf\"> Pour le PALMARES des <\/a><a style=\"pointer-events: none;\" href=\"https:\/\/www.divipassion.com\/wp-content\/uploads\/2012\/10\/MELIES_2019_PALMARES.pdf\">MELIES2019<\/a><a style=\"pointer-events: none;\" href=\"https:\/\/www.divipassion.com\/wp-content\/uploads\/2012\/10\/MELIES_2019_PALMARES.pdf\">&nbsp;cliquer ici<\/a><\/li>\n<\/ul>\n<\/li>\n\n\n\n<li>e<strong>n 2018 :<\/strong>\n<ul class=\"wp-block-list\">\n<li>\n<div><span style=\"font-size: 14px; background-color: #ffffff;\">Trois films de Didier <span class=\"il\">BOURG<\/span> pr\u00e9sent\u00e9s par DiViPassion ont \u00e9t\u00e9 prim\u00e9s aux M\u00e9li\u00e8s du Court M\u00e9trage<\/span><br><span style=\"font-size: 14px; background-color: #ffffff;\"> &#8211; M\u00e9li\u00e8s d&rsquo;Or de la Meilleure <span style=\"text-decoration: underline;\">bande-son <\/span>de Fiction pour le film \u00ab\u00a0<a style=\"pointer-events: none;\" href=\"https:\/\/www.youtube.com\/watch?v=tyIxt-frPbI\" target=\"_blank\" rel=\"noopener noreferrer\"><strong><em>R\u00e9fugi\u00e9s<\/em><\/strong><\/a>\u00ab\u00a0, visible \u00e0 la m\u00eame adresse sur YouTube. (rechercher Divipassion vid\u00e9os)<\/span><br><span style=\"font-size: 14px; background-color: #ffffff;\"> &#8211; M\u00e9li\u00e8s d&rsquo;argent du <span style=\"text-decoration: underline;\">Film-Minute<\/span> pour \u00ab\u00a0<strong><em>Mon djihad \u00e0 moi<\/em><\/strong>\u00ab\u00a0.<\/span><br><span style=\"font-size: 14px; background-color: #ffffff;\"> &#8211; M\u00e9li\u00e8s d&rsquo;argent de l&rsquo;<span style=\"text-decoration: underline;\">interpr\u00e9tation f\u00e9minine<\/span> d\u00e9cern\u00e9 \u00e0 Corinne Bidou pour son r\u00f4le dans \u00ab\u00a0<em><strong>Mon djihad \u00e0 moi<\/strong><\/em>\u00ab\u00a0.<\/span><br><span style=\"font-size: 14px; background-color: #ffffff;\"> &#8211; Enfin le Prix de l&rsquo;<span style=\"text-decoration: underline;\">Humour<\/span> a \u00e9t\u00e9 attribu\u00e9 \u00e0 \u00ab\u00a0<a style=\"pointer-events: none;\" href=\"https:\/\/www.youtube.com\/watch?v=k7ZalI1khLs\" target=\"_blank\" rel=\"noopener noreferrer\"><strong><em>Couillonnade aux M\u00e9li\u00e8s<\/em><\/strong><\/a>\u00ab\u00a0, une fiction comique sur le festival, visible aussi sur YouTube.<\/span><\/div>\n<\/li>\n\n\n\n<li><span style=\"font-size: 14px; background-color: #ffffff;\"><a style=\"pointer-events: none;\" href=\"https:\/\/www.cinevif.fr\/wp-content\/uploads\/2018\/04\/MELIES_2018_PALMARES.pdf\" target=\"_blank\" rel=\"noopener noreferrer\">Le palmar\u00e8s des M\u00e9li\u00e8s 2018 est mis en lien sur le site Cin\u00e9vif par Olivier Darnay<\/a><\/span><\/li>\n<\/ul>\n<\/li>\n\n\n\n<li><strong>en 2017<\/strong>\n<ul class=\"wp-block-list\">\n<li><span style=\"font-size: 14px; background-color: #ffffff;\"><strong>Sous l&rsquo;\u00e9gide de Cin\u00e9vif, les 28 et 29 avril 2017<\/strong> , s&rsquo;est tenu, \u00e0 <em>cette m\u00eame <\/em><em> DE L&rsquo;ENVIRONNEMENT ET DU DEVELOPPEMENT DURABLE DE L&rsquo;AEROPORT PARIS-ORLY<\/em>&nbsp;, <strong> le festival r\u00e9gional,<\/strong> gracieusement accueilli par <em>A\u00e9roport de Paris<\/em>, et organis\u00e9 par les \u00e9quipes de Divipassion, aid\u00e9es par celle de l&rsquo;USOAM-Danse<strong> ; festival r\u00e9gional,<\/strong> o\u00f9 les cin\u00e9astes amateurs d&rsquo;\u00cele de France ont concouru pour &lsquo;la D1&rsquo; : les laur\u00e9ats ont pu ensuite se pr\u00e9senter au concours national de la FFCV des 28\/9\/17-1\/10\/17 \u00e0 Soulac&nbsp; (le 77e !) ; (voir <a style=\"pointer-events: none;\" href=\"https:\/\/ffcinevideo.org\/Concours%20FFCV.html\" target=\"_blank\" rel=\"noopener noreferrer\">la page du site de la FFCV<\/a> ). Sur le site Cinevif (\u00cele de France ) vous trouverez la <a style=\"pointer-events: none;\" href=\"https:\/\/www.cinevif.fr\/evenements\/festival-2017-d1\/\" target=\"_blank\" rel=\"noopener noreferrer\">pr\u00e9sentation compl\u00e8te faite par le Pr\u00e9sident Charles Ritter de cette D1&nbsp; <\/a>ainsi que flyer, palmar\u00e8s, composition du jury, liste des films pr\u00e9sent\u00e9s etc.&nbsp; : <a style=\"pointer-events: none;\" href=\"https:\/\/www.cinevif.fr\/wp-content\/uploads\/2017\/04\/2017_D1_PALMARES.pdf\" target=\"_blank\" rel=\"noopener noreferrer\">Palmar\u00e8s du festival r\u00e9gional CIN\u00c9VIF 2017 <\/a>&nbsp; &nbsp; &nbsp;&nbsp; &nbsp; <a style=\"pointer-events: none;\" href=\"https:\/\/www.cinevif.fr\/wp-content\/uploads\/2017\/05\/2017_D1_TABLEAU_RESULTATS_MELIES.pdf\" target=\"_blank\" rel=\"noopener noreferrer\">R\u00e9sultats des M\u00e9li\u00e8s 2017 D1<\/a><\/span><\/li>\n<\/ul>\n<\/li>\n<\/ul>\n\n\n\n<hr class=\"wp-block-separator has-alpha-channel-opacity\"\/>\n\n\n\n<h1 class=\"has-white-color has-luminous-vivid-orange-background-color has-text-color has-background has-medium-font-size wp-block-heading\" id=\"Le-festival-national\">3\/ LE FESTIVAL NATIONAL <\/h1>\n\n\n\n<h2 class=\"has-medium-font-size wp-block-heading\">sous la responsabilit\u00e9 de la FFCV,&nbsp;<a style=\"pointer-events: none;\" href=\"https:\/\/www.divipassion.com\/wp-content\/uploads\/2017\/03\/FFCV-m\u00e9daille-moyenne.png\"><img loading=\"lazy\" decoding=\"async\" width=\"47\" height=\"47\" src=\"https:\/\/www.divipassion.com\/wp-content\/uploads\/2017\/03\/FFCV-m\u00e9daille-moyenne-150x150.png\" alt=\"FFCV m\u00e9daille moyenne\"><\/a> et auquel participent des membres de Divipassion chaque ann\u00e9e, depuis 2016 et 2017 \u00e0 Soulac<\/h2>\n\n\n\n<p class=\"has-medium-font-size\"><\/p>\n\n\n\n<p class=\"has-medium-font-size\"><mark style=\"background-color:#ff6900\" class=\"has-inline-color has-white-color\"><strong>Du 20 au 22 septembre 2019<\/strong> : le 78\u00e8me festival national de la FFCV <\/mark>d\u00e9bute \u00e0 Soulac.  Heureusement, la cha\u00eene de tel\u00e9vision MDL (Le Monde Du Loisir) a permis comme les ann\u00e9es pr\u00e9c\u00e9dentes de voir tous les films sans exception. cliquez sur ce lien <a class=\"m_-4516953519723592709moz-txt-link-freetext\" rel=\"noopener noreferrer\" data-saferedirecturl=\"https:\/\/www.google.com\/url?hl=fr&amp;q=https:\/\/www.mondeduloisir.fr\/programmation\/&amp;source=gmail&amp;ust=1537257501156000&amp;usg=AFQjCNHSu6xK0mZyyRhAVxUIKjTAYJqnMA\" href=\"https:\/\/www.mondeduloisir.fr\/programmation\/\" target=\"_blank\">Le monde du loisir<\/a><\/p>\n\n\n\n<p class=\"has-medium-font-size\">&gt; Nous vous rappelons que tout le d\u00e9roulement des projections se trouve sur notre site <a href=\"https:\/\/ffcinevideo.com\/\" target=\"_blank\" rel=\"noopener noreferrer\" data-saferedirecturl=\"https:\/\/www.google.com\/url?hl=fr&amp;q=https:\/\/ffcinevideo.com\/&amp;source=gmail&amp;ust=1537257501156000&amp;usg=AFQjCNGfx4yc1pZFQ6OnPNM354LBoHr_QQ\">https:\/\/ffcinevideo.com\/<\/a><\/p>\n\n\n\n<ul class=\"wp-block-list\">\n<li><span style=\"font-size: 16px;\">Au titre de membre de DiViPassion <span style=\"color: #993366;\">Didier Bourg pr\u00e9side le jury<\/span> du festival r\u00e9gional de l&rsquo;Union des Clubs Cin\u00e9ma Vid\u00e9o de l&rsquo;Ouest, r\u00e9gion Bretagne-Pays de la Loire de la FFCV \u00e0 Montjean, pr\u00e8s d&rsquo;Angers.<\/span><\/li>\n\n\n\n<li><span style=\"font-size: 16px;\"><span style=\"color: #993366;\">La revue Ecran n\u00b0121 de la FFCV<\/span> est t\u00e9l\u00e9chargeable par ce <a rel=\"noopener noreferrer\" href=\"https:\/\/www.ffcinevideo.org\/a4content\/Ecran121.pdf\" target=\"_blank\">lien-ci<\/a><\/span><\/li>\n\n\n\n<li>&nbsp;Il y a un prix DiViPassion \u00e0 <span style=\"color: #993366;\">l&rsquo;expo-photo <em>Regards sur mon quartier<\/em><\/span> du samedi 17 f\u00e9vrier 2018, 15h-17h,&nbsp; salle Evelyne Le Roy \u00e0 Athis, au Noyer Renard.\n<ul class=\"wp-block-list\">\n<li><a href=\"https:\/\/www.divipassion.com\/wp-content\/uploads\/2012\/10\/27867547_273762736490912_5195582512559099164_n.jpg\"><img loading=\"lazy\" decoding=\"async\" width=\"200\" height=\"200\" class=\"alignleft size-thumbnail wp-image-1148\" src=\"https:\/\/www.divipassion.com\/wp-content\/uploads\/2012\/10\/27867547_273762736490912_5195582512559099164_n-150x150.jpg\" alt=\"\" style=\"width: 200px;\"><\/a>Voir pour plus d&rsquo;infos la page Facebook du Conseil citoyen du Noyer Renard :<br><a rel=\"noopener noreferrer\" href=\"https:\/\/www.facebook.com\/conseilcitoyennoyerrenard\/\" target=\"_blank\">https:\/\/www.facebook.com\/conseilcitoyennoyerrenard\/<\/a><a href=\"https:\/\/www.divipassion.com\/wp-content\/uploads\/2012\/10\/28059044_276104439590075_5864897574174064349_n.jpg\"><img loading=\"lazy\" decoding=\"async\" width=\"200\" height=\"200\" class=\"alignleft wp-image-1147\" src=\"https:\/\/www.divipassion.com\/wp-content\/uploads\/2012\/10\/28059044_276104439590075_5864897574174064349_n-150x150.jpg\" alt=\"\" style=\"width: 200px;\"><\/a><\/li>\n<\/ul>\n<\/li>\n<\/ul>\n\n\n\n<div class=\"wp-block-columns is-layout-flex wp-container-core-columns-is-layout-9d6595d7 wp-block-columns-is-layout-flex\">\n<div class=\"wp-block-column is-layout-flow wp-block-column-is-layout-flow\" style=\"flex-basis:100%\"><div class=\"wp-block-image\">\n<figure class=\"alignright\"><a href=\"https:\/\/www.divipassion.com\/wp-content\/uploads\/2016\/06\/Affiche10-ansDiViPassionaveclogos_A4-.jpg\"><img loading=\"lazy\" decoding=\"async\" width=\"212\" height=\"300\" src=\"https:\/\/www.divipassion.com\/wp-content\/uploads\/2016\/06\/Affiche10-ansDiViPassionaveclogos_A4--212x300.jpg\" alt=\"\" class=\"wp-image-1042\" srcset=\"https:\/\/www.divipassion.com\/wp-content\/uploads\/2016\/06\/Affiche10-ansDiViPassionaveclogos_A4--212x300.jpg 212w, https:\/\/www.divipassion.com\/wp-content\/uploads\/2016\/06\/Affiche10-ansDiViPassionaveclogos_A4--768x1086.jpg 768w, https:\/\/www.divipassion.com\/wp-content\/uploads\/2016\/06\/Affiche10-ansDiViPassionaveclogos_A4--724x1024.jpg 724w\" sizes=\"auto, (max-width: 212px) 100vw, 212px\" \/><\/a><\/figure>\n<\/div><\/div>\n<\/div>\n\n\n\n<p class=\"has-medium-font-size\"><mark style=\"background-color:#ff6900\" class=\"has-inline-color has-white-color\"><strong>2017 Anniversaire : Les 10 ans de Divipassion<\/strong><\/mark> ont \u00e9t\u00e9 f\u00eat\u00e9s avec grand succ\u00e8s et plaisir, avec tous les partenaires de l&rsquo;association, le 18 novembre 2017 \u00e0 Ventura\u00a0 (voir onglet du menu du bas nomm\u00e9 :\u00a0 <a href=\"https:\/\/www.divipassion.com\/?page_id=658\">Vie associative<\/a> ou cliquer sur l&rsquo;image). <a rel=\"noopener noreferrer\" href=\"https:\/\/youtu.be\/68y2nNnSrxg\" target=\"_blank\">Bande annonce sur Youtube ici.<\/a>\u00a0A\u00a0 partager sur Facebook.\u00a0 T\u00e9l\u00e9charger ou voir <a rel=\"noopener noreferrer\" href=\"https:\/\/flyer_programme10ansDVP_A5\" target=\"_blank\">le programme de la soir\u00e9e<\/a>, films, danses, musique !<\/p>\n\n\n\n<p><strong>Lire l&rsquo;article de Didier Bourg sur cet \u00e9v\u00e9nement<\/strong> dans la revue de la <strong>FFCV<\/strong>, article en acc\u00e8s libre : <a href=\"https:\/\/www.ffcinevideo.org\/a4content\/Ecran119.pdf\" target=\"_blank\" rel=\"noopener noreferrer\">Ecran n\u00b0119 <\/a><\/p>\n\n\n\n<p>&nbsp;<\/p>\n<p>&nbsp;<\/p>\n\n\n<p>\u00a0<\/p>\n<p><!-- \/wp:post-content --><\/p>\n<p><!-- wp:paragraph --><\/p>\n<p><span style=\"border-radius: 2px; text-indent: 20px; width: auto; padding: 0px 4px 0px 0px; text-align: center; font: bold 11px\/20px 'Helvetica Neue', Helvetica, sans-serif; color: #ffffff; background: #ffffff none no-repeat scroll 3px 50% \/ 14px 14px; position: absolute; opacity: 1; z-index: 8675309; display: none; cursor: pointer;\">Enregistrer<\/span><\/p>\n<p><!-- \/wp:paragraph --><\/p>\n<p><!-- wp:paragraph --><\/p>\n<p><span style=\"border-radius: 2px; text-indent: 20px; width: auto; padding: 0px 4px 0px 0px; text-align: center; font: bold 11px\/20px 'Helvetica Neue', Helvetica, sans-serif; color: #ffffff; background: #ffffff none no-repeat scroll 3px 50% \/ 14px 14px; position: absolute; opacity: 1; z-index: 8675309; display: none; cursor: pointer;\">Enregistrer<\/span><\/p>\n<p><!-- \/wp:paragraph --><\/p>\n<p><!-- wp:paragraph --><\/p>\n<p><span style=\"border-radius: 2px; text-indent: 20px; width: auto; padding: 0px 4px 0px 0px; text-align: center; font: bold 11px\/20px 'Helvetica Neue', Helvetica, sans-serif; color: #ffffff; background: #ffffff none no-repeat scroll 3px 50% \/ 14px 14px; position: absolute; opacity: 1; z-index: 8675309; display: none; cursor: pointer;\">Enregistrer<\/span><\/p>\n<p><!-- \/wp:paragraph --><\/p>\n<p><!-- wp:paragraph --><\/p>\n<p><span style=\"border-radius: 2px; text-indent: 20px; width: auto; padding: 0px 4px 0px 0px; text-align: center; font: bold 11px\/20px 'Helvetica Neue', Helvetica, sans-serif; color: #ffffff; background: #ffffff none no-repeat scroll 3px 50% \/ 14px 14px; position: absolute; opacity: 1; z-index: 8675309; display: none; cursor: pointer;\">Enregistrer<\/span><\/p>\n<p><!-- \/wp:paragraph --><\/p>","protected":false},"excerpt":{"rendered":"<p>Informations sur les 3 types de festivals auxquels DiViPassion participe : 1\/ FESTIVAL DU COURT DIVIPASSION Inscriptions pour les repas termin\u00e9es pour 2022 : formulaire-inscription-DVP 2022 Festival 2022 &#8211; Paiement via Paypal&nbsp; bient\u00f4t en ligne ! &nbsp;pour en savoir plus &hellip; <a href=\"https:\/\/www.divipassion.com\/?page_id=479\">Lire la suite <span class=\"meta-nav\">&rarr;<\/span><\/a><\/p>\n","protected":false},"author":2,"featured_media":0,"parent":0,"menu_order":0,"comment_status":"closed","ping_status":"closed","template":"","meta":{"footnotes":""},"class_list":["post-479","page","type-page","status-publish","hentry"],"_links":{"self":[{"href":"https:\/\/www.divipassion.com\/index.php?rest_route=\/wp\/v2\/pages\/479","targetHints":{"allow":["GET"]}}],"collection":[{"href":"https:\/\/www.divipassion.com\/index.php?rest_route=\/wp\/v2\/pages"}],"about":[{"href":"https:\/\/www.divipassion.com\/index.php?rest_route=\/wp\/v2\/types\/page"}],"author":[{"embeddable":true,"href":"https:\/\/www.divipassion.com\/index.php?rest_route=\/wp\/v2\/users\/2"}],"replies":[{"embeddable":true,"href":"https:\/\/www.divipassion.com\/index.php?rest_route=%2Fwp%2Fv2%2Fcomments&post=479"}],"version-history":[{"count":255,"href":"https:\/\/www.divipassion.com\/index.php?rest_route=\/wp\/v2\/pages\/479\/revisions"}],"predecessor-version":[{"id":1882,"href":"https:\/\/www.divipassion.com\/index.php?rest_route=\/wp\/v2\/pages\/479\/revisions\/1882"}],"wp:attachment":[{"href":"https:\/\/www.divipassion.com\/index.php?rest_route=%2Fwp%2Fv2%2Fmedia&parent=479"}],"curies":[{"name":"wp","href":"https:\/\/api.w.org\/{rel}","templated":true}]}}