{"id":31,"date":"2010-12-04T22:52:15","date_gmt":"2010-12-04T21:52:15","guid":{"rendered":"http:\/\/www.divipassion.com\/?page_id=31"},"modified":"2022-05-25T18:40:37","modified_gmt":"2022-05-25T17:40:37","slug":"nos-projets","status":"publish","type":"page","link":"https:\/\/www.divipassion.com\/?page_id=31","title":{"rendered":"Vie locale"},"content":{"rendered":"\n<h2>La vie dans les quartiers, la ville, Grand Orly Seine Bi\u00e8vre<\/h2>\n<ul>\n<li><strong>Une vid\u00e9o pour la mobilit\u00e9 douce \u00ab\u00a0Je refais du v\u00e9lo\u00a0\u00bb<\/strong> , pourquoi et comment puis je me remettre au v\u00e9lo dans nos quartiers<\/li>\n<\/ul>\n<p>\u00a0<a href=\"https:\/\/youtu.be\/z_roLELuGJM\">https:\/\/youtu.be\/z_roLELuGJM<\/a><\/p>\n<p><iframe loading=\"lazy\" title=\"Je refais du v\u00e9lo\" width=\"584\" height=\"329\" src=\"https:\/\/www.youtube.com\/embed\/z_roLELuGJM?feature=oembed\" frameborder=\"0\" allow=\"accelerometer; autoplay; clipboard-write; encrypted-media; gyroscope; picture-in-picture; web-share\" referrerpolicy=\"strict-origin-when-cross-origin\" allowfullscreen><\/iframe><\/p>\n\n\n<p><img decoding=\"async\" class=\"aligncenter\" src=\"blob:https:\/\/www.youtube.com\/232c6a95-f507-4849-9c82-75adb705e846\" alt=\"\" \/><\/p>\n<table style=\"border-collapse: collapse; width: 100%;\">\n<tbody>\n<tr>\n<td style=\"width: 50%;\"><span style=\"color: #000000;\"><img loading=\"lazy\" decoding=\"async\" class=\" wp-image-805 aligncenter\" src=\"https:\/\/www.divipassion.com\/wp-content\/uploads\/2010\/12\/vie-local-300x200.jpg\" alt=\"vie local\" width=\"247\" height=\"164\" srcset=\"https:\/\/www.divipassion.com\/wp-content\/uploads\/2010\/12\/vie-local-300x200.jpg 300w, https:\/\/www.divipassion.com\/wp-content\/uploads\/2010\/12\/vie-local-450x300.jpg 450w, https:\/\/www.divipassion.com\/wp-content\/uploads\/2010\/12\/vie-local.jpg 470w\" sizes=\"auto, (max-width: 247px) 100vw, 247px\" \/><\/span><\/td>\n<td style=\"width: 50%;\"><span style=\"color: #000000;\"><a href=\"https:\/\/www.divipassion.com\/wp-content\/uploads\/2021\/05\/tv-noyer-renard-2.jpg\"><img loading=\"lazy\" decoding=\"async\" class=\"size-thumbnail wp-image-1407 aligncenter\" src=\"https:\/\/www.divipassion.com\/wp-content\/uploads\/2021\/05\/tv-noyer-renard-2-150x150.jpg\" alt=\"\" width=\"150\" height=\"150\" \/><\/a><\/span><\/td>\n<\/tr>\n<\/tbody>\n<\/table>\n<p><span style=\"color: #000000;\"><strong>DiViPASSION accompagne des \u00e9v\u00e9nements ou des projets \u00e0 caract\u00e8re social sur des quartiers ou entit\u00e9s de la ville d&rsquo;Athis-Mons.<\/strong><\/span><\/p>\n<h1><span style=\"color: #ff00ff;\"><strong>Au Noyer Renard<\/strong><\/span><\/h1>\n<p><img loading=\"lazy\" decoding=\"async\" class=\"aligncenter\" src=\"https:\/\/i.ytimg.com\/vi\/g6YFG1XiVa0\/hqdefault.jpg?sqp=-oaymwEjCPYBEIoBSFryq4qpAxUIARUAAAAAGAElAADIQj0AgKJDeAE=&amp;rs=AOn4CLC7hTgX3Z3RB8Bxb_L9984tSuUCag\" alt=\"\" width=\"246\" height=\"138\" \/><\/p>\n<h2>R\u00e9alisations de courts m\u00e9trages<\/h2>\n<ul>\n<li>d\u00e9cembre 2020 \u00ab\u00a0<strong>Parade nocturne convoi d&rsquo;ANAPKA<\/strong>\u00a0\u00bb organis\u00e9 par I3F <a href=\"https:\/\/www.youtube.com\/watch?reload=9&amp;v=5fD__YtjIb8\">https:\/\/www.youtube.com\/watch?reload=9&amp;v=5fD__YtjIb8<\/a><\/li>\n<li>juillet 2020 \u00ab\u00a0<strong>A quoi r\u00eavent les jeunes du Noyer Renard<\/strong>\u00a0\u00bb\u00a0<a href=\"https:\/\/www.youtube.com\/watch?v=cvddAHVgnWk\">https:\/\/www.youtube.com\/watch?v=cvddAHVgnWk<\/a><\/li>\n<\/ul>\n<h2>d&rsquo;\u00e9missions sur \u00ab\u00a0<span style=\"background-color: #ff99cc;\">TV Noyer Renard<\/span>\u00ab\u00a0, cha\u00eene t\u00e9l\u00e9 de Divipassion :<\/h2>\n<ul>\n<li>novembre 2021 : \u00ab\u00a0Maison de sant\u00e9 Leonie Chapal\u00a0\u00bb: <a href=\"https:\/\/youtu.be\/CbvjmLDVnIE\">https:\/\/youtu.be\/CbvjmLDVnIE<\/a><\/li>\n<li>avril 2021 : \u00ab\u00a0M\u00e9diath\u00e8que Noyer Renard\u00a0\u00bb: <a href=\"https:\/\/youtu.be\/NwiPWbAexA0\">https:\/\/youtu.be\/NwiPWbAexA0<\/a><\/li>\n<li>mars 2021 : \u00ab\u00a0Ludoth\u00e8que La Marelle\u00a0\u00bb: <a href=\"https:\/\/youtu.be\/4-tqr0wSbeI\">https:\/\/youtu.be\/4-tqr0wSbeI<\/a><\/li>\n<li>avril 2021 : \u00ab\u00a0La m\u00e9diath\u00e8que Ren\u00e9 Goscinny\u00a0\u00bb <a href=\"https:\/\/youtu.be\/NwiPWbAexA0\">https:\/\/youtu.be\/NwiPWbAexA0<\/a><\/li>\n<li>mars 2021 : La Ludoth\u00e8que \u00ab La Marelle \u00bb <a href=\"https:\/\/youtu.be\/4-tqr0wSbeI\">https:\/\/youtu.be\/4-tqr0wSbeI<\/a><\/li>\n<li>d\u00e9cembre 2020 : \u00ab\u00a0La parole au service jeunesse Goscinny\u00a0\u00bb <a href=\"https:\/\/www.youtube.com\/watch?v=xUoyMOeg6t0\">https:\/\/www.youtube.com\/watch?v=xUoyMOeg6t0<\/a><\/li>\n<li>f\u00e9vrier\u00a0 2020 : \u00ab\u00a0<strong>Vie associative au Noyer Renard<\/strong>\u00a0\u00bb\u00a0<a href=\"https:\/\/www.youtube.com\/watch?v=Rjuelr8J0VQ\">https:\/\/www.youtube.com\/watch?v=Rjuelr8J0VQ<\/a><br \/>associations pr\u00e9sentes : <a href=\"http:\/\/www.mairie-athis-mons.fr\/annua...\" target=\"_blank\" rel=\"noopener noreferrer\">MVNR\/THS<\/a>, <a href=\"http:\/\/www.mairie-athis-mons.fr\/annua...\" target=\"_blank\" rel=\"noopener noreferrer\">Athis-Alpha<\/a>, <a href=\"https:\/\/www.ema91.asso.fr\/\" target=\"_blank\" rel=\"noopener noreferrer\">Em@<\/a>, <a href=\"https:\/\/emergence-asso.org\/\" target=\"_blank\" rel=\"noopener noreferrer\">Emergence<\/a>, <a href=\"http:\/\/unechancepourreussir.fr\/\" target=\"_blank\" rel=\"noopener noreferrer\">UCPR<\/a>.<\/li>\n<li>janvier 2020 : \u00ab\u00a0<strong><em>chantier jeun<\/em>es<\/strong>\u00a0\u00bb\u00a0<a href=\"https:\/\/www.youtube.com\/watch?v=JICottDgXak\">https:\/\/www.youtube.com\/watch?v=JICottDgXak<\/a><\/li>\n<li>octobre 2019 :<strong> \u00ab\u00a0<em>micro trottoir<\/em>\u00ab\u00a0<\/strong>\u00a0 sur <a href=\"https:\/\/www.youtube.com\/watch?v=Zhd6AMlNwXc\" target=\"_blank\" rel=\"noopener noreferrer\">Youtube<\/a><\/li>\n<li>juin 2019 en direct sur \u00ab\u00a0TV Noyer Renard\u00a0\u00bb : \u00ab\u00a0<em><strong>Comment s&rsquo;y prendre pour trouver un emploi ?<\/strong><\/em>\u00a0\u00bb , \u00e9mission qui a eu lieu \u00e0 la Maison de l&rsquo;Environnement de l&rsquo;a\u00e9roport Paris-Orly avec P\u00f4le Emploi, la Mission locale et le PLIE . La suivre sur Youtube \u00e0 <strong><a href=\"https:\/\/youtu.be\/g6YFG1XiVa0\" target=\"_blank\" rel=\"noopener noreferrer\" data-saferedirecturl=\"https:\/\/www.google.com\/url?q=https:\/\/youtu.be\/g6YFG1XiVa0&amp;source=gmail&amp;ust=1560867746074000&amp;usg=AFQjCNFu6i2K57kSZD_ppBZaGIOvIT637A\">https:\/\/youtu.be\/g6YFG1XiVa0<\/a><\/strong><\/li>\n<li>mai 2019 : \u00ab\u00a0<strong><a href=\"https:\/\/www.youtube.com\/watch?v=-m-4zokf0ms&amp;t=349s\" target=\"_blank\" rel=\"noopener noreferrer\">pr\u00e9sentation<\/a> TV Noyer-renard<\/strong>\u00ab\u00a0<\/li>\n<\/ul>\n<h2>2017 : <span style=\"background-color: #ff99cc;\">captations d&rsquo;\u00e9v\u00e9nements\u00a0<\/span><\/h2>\n<h2>Pour la ville<\/h2>\n<ul>\n<li>Projection lors de la c\u00e9r\u00e9monie des <strong>voeux du maire<\/strong> de la r\u00e9trospective annuelle des \u00e9v\u00e9nements marquants de la ville<\/li>\n<li>Participations r\u00e9guli\u00e8res aux <strong>Forums des m\u00e9tiers<\/strong>, voir page <em>Jeunes<\/em><\/li>\n<li>en mai, \u00e0 l&rsquo;<strong>Espace Coluche<\/strong> Animation : Pr\u00e9vention du cancer colorectal et du cancer du sein , la captation r\u00e9alis\u00e9e par Divipassion sera diffus\u00e9e dans le cadre de Cin\u00e9ssonne<\/li>\n<li><strong>Rencontres I3F<\/strong> : interviews de 6 gardiens film\u00e9s et projet\u00e9es lors d&rsquo;une r\u00e9union essonnienne d&rsquo;ensemble du personnel d&rsquo;I3F. (Fleury-M\u00e9rogis, Corbeil, Ris-Orangis, Vigneux, Villebon, Villejust)<\/li>\n<li><strong>Vid\u00e9om\u00e9tiers<\/strong> : 2 tournages, l&rsquo;un sur le m\u00e9tier de <strong>boucher<\/strong>, gr\u00e2ce \u00e0 la contribution amicale du boucher situ\u00e9 pr\u00e8s de l&rsquo;\u00e9glise St Denis d&rsquo;Athis-Mons, l&rsquo;autre sur le <strong>Service \u00e0 la personne<\/strong> par Jennifer Fontany, pr\u00e9sidente de l&rsquo;association des commer\u00e7ants de Paray.<\/li>\n<li>Captation des <strong>\u00e9v\u00e9nements<\/strong> sur la ville : comm\u00e9morations (19 mars, 18 avril&#8230;), inauguration du relais sur le service public au Noyer Renard, journ\u00e9e citoyennet\u00e9, cr\u00e8che Farandole, chasse aux oeufs, cross des \u00e9coles, f\u00eate de la petite enfance, inauguration du p\u00f4le seniors, brocante et animation sur le val, f\u00eate de l&rsquo;enfance : tous ces \u00e9v\u00e9nements seront repris dans une vid\u00e9o projet\u00e9e lors des prochains voeux du maire&#8230;<\/li>\n<\/ul>\n<h2><span style=\"background-color: #ff99cc;\">Quartier<b> du Noyer Renard\u00a0:<\/b><\/span><\/h2>\n<p>Cr\u00e9ation de nombreux DVD d&rsquo;importance diverse selon les \u00e9v\u00e9nements :<\/p>\n<ul>\n<li><strong><i><a href=\"https:\/\/www.divipassion.com\/wp-content\/uploads\/2010\/12\/Affiche-regards-Noyer-Renard-fond-bleu-marine.jpg\"><img loading=\"lazy\" decoding=\"async\" class=\"size-thumbnail wp-image-809 alignleft\" src=\"https:\/\/www.divipassion.com\/wp-content\/uploads\/2010\/12\/Affiche-regards-Noyer-Renard-fond-bleu-marine-150x150.jpg\" alt=\"Affiche regards Noyer Renard fond bleu marine\" width=\"150\" height=\"150\" \/><\/a>Projet M\u00e9moire urbaine, m\u00e9moire humaine<\/i><\/strong>\u00a0: depuis juin 2006, DiViPASSION a suivi la r\u00e9novation du Noyer Renard \u00e0 la demande de la ville d Athis-Mons et d&rsquo;I3F sur 10 ans\u00a0. La r\u00e9trospective a eu lieu en juin 2016 \u00e0 l&rsquo;Espace Michelet. Un DVD peut \u00eatre fourni sur demande aux habitants.<\/li>\n<li><strong><em>Regards d&rsquo;artistes<\/em><\/strong>, r\u00e9unit des interviews d&rsquo;artistes install\u00e9s dans les Maisons d&rsquo;artistes au NR (B\u00e9atrice Hug, Carmen Arisa, Guy S\u00e9n\u00e9cal, Herv\u00e9 Marolleau, Pascale et Thierry Nivaux),<a href=\"http:\/\/www.dailymotion.com\/playlist\/x39fkd_DiViPassion_regards-d-artistes\"> voir la playlist<\/a><\/li>\n<li>Projet <em><em><strong>Regards crois\u00e9s<\/strong> , playlist :<\/em><\/em> <a href=\"http:\/\/divipassion.over-blog.com\/article-regards-croises-les-videos-divipassion-49998763.html\"><em>Regards Crois\u00e9s<\/em> <em>: Les vid\u00e9os DiViPassion<\/em>\u00a0 : <\/a><span style=\"font-size: small;\">Les vid\u00e9os r\u00e9alis\u00e9es par DiViPassion dans le cadre du projet \u00ab\u00a0Regards Crois\u00e9s\u00a0\u00bb au quartier du Noyer Renard \u00e0 Athis-Mons avec la participation du Service Jeunesse (Espace Goscinny), du Service Retrait\u00e9, de photographes et des habitants du Noyer Renard&#8230;<\/span><em>( inauguration, interg\u00e9n\u00e9rationnel, regards de retrait\u00e9s David et Francine&#8230;)<\/em>, <a href=\"http:\/\/www.dailymotion.com\/playlist\/x1a59k_DiViPassion_regards-croises-2010\">12 vid\u00e9os<\/a><\/li>\n<li><i>Le renard derri\u00e8re la porte <\/i>a immortalis\u00e9 la participation de jeunes d\u00e9corant des portes<\/li>\n<li>Participation aux soir\u00e9es <a href=\"http:\/\/www.dailymotion.com\/video\/x1a4vm8_soiree-terrasse-aout-2013-mvnr-espace-michelet_shortfilms\"><i>Terrasse<\/i> <\/a>avec l&rsquo;Espace Michelet\u00a0 (2013, <em>Karaok\u00e9, le maghreb\u00a0\u00bb, MVNR Espace Michelet<\/em>) avec projections de courts-m\u00e9trages de reportage touristique de G. Cousin, adh\u00e9rent DiViPASSION.<\/li>\n<li>Pr\u00e9sentation de l&rsquo;association<em> Mieux vivre au Noyer Renard, <a href=\"http:\/\/www.dailymotion.com\/playlist\/x1pkhp_DiViPassion_mieux-vivre-au-noyer-renard\">playlist1<\/a>, <a href=\"http:\/\/www.dailymotion.com\/playlist\/x28do8_DiViPassion_mieux-vivre-au-noyer-renard-2\">playlist2 de 12 videos<\/a><\/em><\/li>\n<li><a href=\"http:\/\/www.dailymotion.com\/playlist\/x1ow2f_DiViPassion_la-vie-au-noyer-renard\"><em>La vie au Noyer Renard, <\/em><\/a>playlist de 14 videos<\/li>\n<li><a href=\"http:\/\/www.dailymotion.com\/playlist\/x1kvj6_DiViPassion_fetes-au-noyer-renard\"><em>F\u00eate au Noyer Renard<\/em> ,<\/a> 4 videos<\/li>\n<li class=\"western\"><em><a href=\"http:\/\/divipassion.over-blog.com\/article-semaine-de-l-egalite-120040363.html\"><span style=\"font-size: small;\">Semaine de l&rsquo;\u00e9galit\u00e9<\/span><\/a><\/em><\/li>\n<li><i>Semaine des HLM <\/i>avec I3F, MVNR et la CALPE<\/li>\n<li><i>Chanter No\u00ebl<br \/><\/i><\/li>\n<li class=\"western\"><a href=\"http:\/\/divipassion.over-blog.com\/article-des-chansons-et-des-comptine-63324786.html\">Des chansons et des comptines au Noyer Renard (Athis-Mons) <\/a><span style=\"font-size: small;\">Au go\u00fbter de la cr\u00e8che Robert Doisneau \u00e0 Athis-Mons, une vid\u00e9o faite de chansons et comptines a \u00e9t\u00e9 diffus\u00e9e. Les chants ont \u00e9t\u00e9 interpr\u00e9t\u00e9s par les \u00e9ducateurs de la cr\u00e8che Doisneau et des Lutins. Ce clip a \u00e9t\u00e9 enregistr\u00e9 \u00e0 l aide du Vid\u00e9omaton dans le&#8230; 19\/12\/2010 <\/span><\/li>\n<li>Dans le cadre de la semaine de la propret\u00e9, r\u00e9alisation du DVD <i>Stop aux encombrants au Noyer Renard, <\/i> projet CALPE- ville d&rsquo;Athis-Mons-I3F<\/li>\n<li class=\"western\"><a href=\"http:\/\/divipassion.over-blog.com\/article-halloween-au-noyer-renard-le-25-10-214-124806594.html\"><em>Halloween au Noyer Renard<\/em> le 25\/10\/214 <\/a>avec l&rsquo;association <em>MVNR<\/em>, <i>Mieux vivre au Noyer renard<\/i><\/li>\n<li><a href=\"https:\/\/www.divipassion.com\/wp-content\/uploads\/2010\/12\/affiche-regardes-de-femems.jpg\"><img loading=\"lazy\" decoding=\"async\" class=\"size-medium wp-image-804 alignleft\" src=\"https:\/\/www.divipassion.com\/wp-content\/uploads\/2010\/12\/affiche-regardes-de-femems-200x300.jpg\" alt=\"affiche regardes de femems\" width=\"200\" height=\"300\" srcset=\"https:\/\/www.divipassion.com\/wp-content\/uploads\/2010\/12\/affiche-regardes-de-femems-200x300.jpg 200w, https:\/\/www.divipassion.com\/wp-content\/uploads\/2010\/12\/affiche-regardes-de-femems.jpg 682w\" sizes=\"auto, (max-width: 200px) 100vw, 200px\" \/><\/a>Lutte contre les discriminations<\/li>\n<li>Journ\u00e9e restitution de la r\u00e9alisation <strong><i>Regards de Femmes,\u00a0<\/i><\/strong> ( Batma, B\u00e9atrice, Italia&#8230;) lors de la journ\u00e9e de la Femme le 8 mars 2015, soutenue par l&rsquo;action \u00ab\u00a0Politique de la ville\u00a0\u00bb, la ville d&rsquo;Athis-Mons et I3F <a href=\"http:\/\/www.dailymotion.com\/playlist\/x3p1vx_DiViPassion_regards-de-femmes\">voir la playlist <em>Regards de femmes<\/em><\/a><\/li>\n<\/ul>\n<h1><span style=\"color: #ff00ff;\">Quartier du Val,<\/span><\/h1>\n<ul>\n<li>Projet <em>Val&rsquo;Art<\/em> d\u00e9velopp\u00e9 sur plusieurs ann\u00e9es, avec parcours sensoriel,\n<ul>\n<li><a href=\"http:\/\/www.dailymotion.com\/playlist\/x28dnq_DiViPassion_val-art\" target=\"_blank\" rel=\"noopener noreferrer\">V<\/a><a href=\"http:\/\/www.dailymotion.com\/playlist\/x28dnq_DiViPassion_val-art\">oir la playlist sur daily motion 13 vid\u00e9os<\/a><\/li>\n<li><a href=\"http:\/\/www.dailymotion.com\/playlist\/x1iqtx_DiViPassion_val-art-saison-1\" target=\"_blank\" rel=\"noopener noreferrer\">V<\/a><a href=\"http:\/\/www.dailymotion.com\/playlist\/x1iqtx_DiViPassion_val-art-saison-1\">al&rsquo;Art saison1<\/a>, 11 vid\u00e9os<\/li>\n<li><a href=\"http:\/\/www.dailymotion.com\/playlist\/x25ine_DiViPassion_val-art-saison-2\">Val&rsquo;art saison2<\/a>, 5 vid\u00e9os<\/li>\n<\/ul>\n<\/li>\n<\/ul>\n<h1><span style=\"color: #ff00ff;\"><b>Autres quartiers<\/b><\/span><\/h1>\n<ul>\n<li><i>N7<\/i> , <i>La RN7 aux portes de l&rsquo;Essonne,<\/i> deux DVD en association avec la <em>Maison de banlieue et de l&rsquo;architecture<\/em><\/li>\n<li><em><strong>Jardin Jovet<\/strong><\/em> a obtenu plusieurs DVD permettant d&rsquo;appr\u00e9cier l&rsquo;int\u00e9r\u00eat de cet espace unique dans le cadre banlieue. <a href=\"http:\/\/www.dailymotion.com\/playlist\/x285ik_DiViPassion_jardin-jovet\">voir sur Daily motion <\/a><\/li>\n<li>Captation du spectacle de l&rsquo;Ecole maternelle Jean Jaur\u00e8s de Juvisy<\/li>\n<li>Quartier des Clos<\/li>\n<\/ul>\n<p>Chaque \u00e9v\u00e9nement est accompagn\u00e9 d&rsquo;une projection des vid\u00e9os r\u00e9alis\u00e9es, d&rsquo;une exposition de tableaux et photos en lien avec l&rsquo;\u00e9v\u00e9nement et avec pr\u00e9sence de journalistes, photographes, peintres, associations&#8230;<\/p>\n<p><strong>Playlist du <\/strong><a href=\"http:\/\/www.dailymotion.com\/playlist\/x1px9r_DiViPassion_festival-ema-2011\"><strong>Festival EMA<\/strong> 2011<\/a><\/p>\n<p><strong>Playlist des expos photos Imathis<\/strong> :\u00a0 <a href=\"http:\/\/www.dailymotion.com\/playlist\/x1pw62_DiViPassion_imathis\">Imathis<\/a><\/p>\n<p>Associations en lien avec DiViPASSION pour ces actions\u00a0: <em>Athis-Alpha, Service retrait\u00e9s, Maison de banlieue et de l&rsquo;architecture, MVNR, EMA,\u00a0 Imathis&#8230;<br \/><\/em><\/p>\n<p>Playlist de la f\u00eate des associations :<a href=\"http:\/\/www.dailymotion.com\/video\/x34mw2h_divipassion-a-la-fete-des-associations-athis-mons_news\">DiViPassion \u00e0 la F\u00eate des Associations (Athis-Mons\u2026<\/a><\/p>\n<p><span style=\"border-radius: 2px; text-indent: 20px; width: auto; padding: 0px 4px 0px 0px; text-align: center; font: bold 11px\/20px 'Helvetica Neue',Helvetica,sans-serif; color: #ffffff; background: #bd081c no-repeat scroll 3px 50% \/ 14px 14px; position: absolute; opacity: 1; z-index: 8675309; display: none; cursor: pointer; top: 36px; left: 20px;\">Enregistrer<\/span><\/p>\n<p><span style=\"border-radius: 2px; text-indent: 20px; width: auto; padding: 0px 4px 0px 0px; text-align: center; font: bold 11px\/20px 'Helvetica Neue',Helvetica,sans-serif; color: #ffffff; background: #bd081c no-repeat scroll 3px 50% \/ 14px 14px; position: absolute; opacity: 1; z-index: 8675309; display: none; cursor: pointer; top: 1444px; left: 60px;\">Enregistrer<\/span><\/p>","protected":false},"excerpt":{"rendered":"<p>La vie dans les quartiers, la ville, Grand Orly Seine Bi\u00e8vre Une vid\u00e9o pour la mobilit\u00e9 douce \u00ab\u00a0Je refais du v\u00e9lo\u00a0\u00bb , pourquoi et comment puis je me remettre au v\u00e9lo dans nos quartiers \u00a0https:\/\/youtu.be\/z_roLELuGJM DiViPASSION accompagne des \u00e9v\u00e9nements ou &hellip; <a href=\"https:\/\/www.divipassion.com\/?page_id=31\">Lire la suite <span class=\"meta-nav\">&rarr;<\/span><\/a><\/p>\n","protected":false},"author":2,"featured_media":0,"parent":0,"menu_order":30,"comment_status":"closed","ping_status":"closed","template":"","meta":{"footnotes":""},"class_list":["post-31","page","type-page","status-publish","hentry"],"_links":{"self":[{"href":"https:\/\/www.divipassion.com\/index.php?rest_route=\/wp\/v2\/pages\/31","targetHints":{"allow":["GET"]}}],"collection":[{"href":"https:\/\/www.divipassion.com\/index.php?rest_route=\/wp\/v2\/pages"}],"about":[{"href":"https:\/\/www.divipassion.com\/index.php?rest_route=\/wp\/v2\/types\/page"}],"author":[{"embeddable":true,"href":"https:\/\/www.divipassion.com\/index.php?rest_route=\/wp\/v2\/users\/2"}],"replies":[{"embeddable":true,"href":"https:\/\/www.divipassion.com\/index.php?rest_route=%2Fwp%2Fv2%2Fcomments&post=31"}],"version-history":[{"count":50,"href":"https:\/\/www.divipassion.com\/index.php?rest_route=\/wp\/v2\/pages\/31\/revisions"}],"predecessor-version":[{"id":1507,"href":"https:\/\/www.divipassion.com\/index.php?rest_route=\/wp\/v2\/pages\/31\/revisions\/1507"}],"wp:attachment":[{"href":"https:\/\/www.divipassion.com\/index.php?rest_route=%2Fwp%2Fv2%2Fmedia&parent=31"}],"curies":[{"name":"wp","href":"https:\/\/api.w.org\/{rel}","templated":true}]}}